{"id":72965,"date":"2024-01-25T16:19:07","date_gmt":"2024-01-25T15:19:07","guid":{"rendered":"https:\/\/muenzinger.eu\/hinschg\/"},"modified":"2024-04-02T09:19:45","modified_gmt":"2024-04-02T07:19:45","slug":"hinschg","status":"publish","type":"page","link":"https:\/\/muenzinger.eu\/fr\/hinschg\/","title":{"rendered":"HinSchG"},"content":{"rendered":"<h1><strong>Syst\u00e8me d\u2019alerte selon la HinSchG<\/strong><\/h1>\n<h4><strong>Informations sur le traitement des donn\u00e9es conform\u00e9ment aux articles 13 et 14 du RGPD<\/strong><\/h4>\n<p>L\u2019or\u00adga\u00adnisme responsable est :<\/p>\n<table>\n<tbody>\n<tr>\n<td width=\"321\"><strong>M\u00fcnz\u00adin\u00adger + Frie\u00adser Hol\u00adding GmbH<\/strong>\n<p>Olgastr. 14 \u2013 26<br>\n72770 Reut\u00adlin\u00adgen<br>\nT\u00e9l\u00e9\u00adphone : +49 7121 9596 11<br>\nT\u00e9l\u00e9\u00adco\u00adpieur : +49 7121 9596 18<\/p>\n<p>Cour\u00adrier \u00e9lec\u00adtro\u00adni\u00adque : info@muenzinger.de<br>\nWeb : <a href=\"http:\/\/www.muenzinger.de\/\">www.muenzinger.de<\/a><\/p>\n<p>Direc\u00adteur g\u00e9n\u00e9\u00adral : Uwe M\u00fcnz\u00adin\u00adger<\/p><\/td>\n<\/tr>\n<\/tbody>\n<\/table>\n<p>Notre responsable de la pro\u00adtec\u00adtion des don\u00adn\u00e9es au sein de l\u2019entre\u00adprise est :<\/p>\n<table>\n<tbody>\n<tr>\n<td width=\"326\"><strong>Tabea Knabe<\/strong>\n<p>MACU Daten\u00adschutz UG (responsa\u00adbi\u00adlit\u00e9 limi\u00adt\u00e9e)<br>\nT\u00e9l\u00e9\u00adphone : 07381 9374101<br>\nCour\u00adrier \u00e9lec\u00adtro\u00adni\u00adque : kontakt@macu-datenschutz.de<\/p><\/td>\n<\/tr>\n<\/tbody>\n<\/table>\n<p>&nbsp;<\/p>\n<p>Nous, c\u2019est-\u00e0-dire <strong>M\u00fcnz\u00adin\u00adger + Frie\u00adser Hol\u00adding GmbH<\/strong>, assur\u00adons <strong>un sys\u00adt\u00e8me d\u2019a\u00adlerte pour signaler les vio\u00adla\u00adti\u00adons <\/strong>. Nous appli\u00adquons ainsi les dis\u00adpo\u00adsi\u00adti\u00adons l\u00e9ga\u00adles de la HinSchG. En outre, nous som\u00admes tenus de rem\u00adplir nos obli\u00adga\u00adti\u00adons de con\u00adfor\u00admit\u00e9, d\u2019\u00e9\u00advi\u00adter les infrac\u00adtions ou de les \u00e9luci\u00adder rapi\u00adde\u00adment. <strong>Nous garan\u00adtis\u00adsons un trai\u00adte\u00adment con\u00adfi\u00addentiel des infor\u00adma\u00adti\u00adons.<\/strong><\/p>\n<p>Pour la d\u00e9cla\u00adra\u00adtion, nous avons mis en place un por\u00adtail qui se trouve sous <a href=\"https:\/\/muenzinger.hinweise-portal.de\"><strong>https:\/\/muenzinger.hinweise-portal.de<\/strong><\/a> qui est acces\u00adsi\u00adble. Une noti\u00adfi\u00adca\u00adtion peut \u00e9ga\u00adle\u00adment \u00eatre effec\u00adtu\u00e9e par t\u00e9l\u00e9\u00adphone ou par e\u2011mail aupr\u00e8s de notre responsable de la pro\u00adtec\u00adtion des don\u00adn\u00e9es. Notre sys\u00adt\u00e8me d\u2019a\u00adlerte peut \u00eatre uti\u00adlis\u00e9 non seu\u00adle\u00adment <strong>par les employ\u00e9s <\/strong>de M\u00fcnz\u00adin\u00adger + Frie\u00adser Hol\u00adding GmbH, mais aussi <strong>par des per\u00adson\u00adnes exter\u00adnes,<\/strong> afin de nous infor\u00admer d\u2019\u00e9\u00adven\u00adtu\u00adel\u00adles infrac\u00adtions.<\/p>\n<p><strong>Lors de l\u2019uti\u00adli\u00adsa\u00adtion de notre sys\u00adt\u00e8me de signa\u00adle\u00adment, des don\u00adn\u00e9es \u00e0 carac\u00adt\u00e8re per\u00adson\u00adnel pour\u00adrai\u00adent \u00eatre trai\u00adt\u00e9es, \u00e0 moins que le signa\u00adle\u00adment ne soit effec\u00adtu\u00e9 de mani\u00e8re anonyme. <\/strong>Le r\u00e8gle\u00adment g\u00e9n\u00e9\u00adral sur la pro\u00adtec\u00adtion des don\u00adn\u00e9es (RGPD) et la loi f\u00e9d\u00e9\u00adrale sur la pro\u00adtec\u00adtion des don\u00adn\u00e9es (BDSG) sont d\u00e9ter\u00admi\u00adnants \u00e0 cet \u00e9gard.<\/p>\n<p>Nous trai\u00adtons les infor\u00adma\u00adti\u00adons four\u00adnies volon\u00adtai\u00adre\u00adment par les d\u00e9non\u00adcia\u00adteurs, qu\u2019il s\u2019a\u00adgisse de sala\u00adri\u00e9s ou de per\u00adson\u00adnes ext\u00e9\u00adri\u00adeu\u00adres \u00e0 l\u2019entre\u00adprise. Il s\u2019a\u00adgit notam\u00adment des don\u00adn\u00e9es sui\u00advan\u00adtes :<\/p>\n<ul>\n<li>Pr\u00e9\u00adnom et nom de famille (dans la mesure o\u00f9 l\u2019i\u00adden\u00adtit\u00e9 est divul\u00adgu\u00e9e)<\/li>\n<li>Coor\u00addon\u00adn\u00e9es (si elles sont four\u00adnies)<\/li>\n<li>Signaler une \u00e9ven\u00adtu\u00adelle infrac\u00adtion aux r\u00e8gles<\/li>\n<li>Indi\u00adca\u00adtion de la rela\u00adtion avec M\u00fcnz\u00adin\u00adger + Frie\u00adser Hol\u00adding GmbH (interne ou externe)<\/li>\n<li>Descrip\u00adtion des faits<\/li>\n<li>Noms et aut\u00adres don\u00adn\u00e9es per\u00adson\u00adnel\u00adles des per\u00adson\u00adnes impli\u00adqu\u00e9es<\/li>\n<\/ul>\n<p><strong>La coll\u00adecte et le trai\u00adte\u00adment des don\u00adn\u00e9es, si elles sont mises \u00e0 dis\u00adpo\u00adsi\u00adtion, sont n\u00e9ces\u00adsaires \u00e0 l\u2019\u00e9\u00adluci\u00adda\u00adtion d\u2019\u00e9\u00adven\u00adtu\u00adel\u00adles infrac\u00adtions \u00e0 la loi ou aux r\u00e8gles.<\/strong> La base juri\u00addi\u00adque est notre int\u00e9\u00adr\u00eat \u00e9co\u00adno\u00admi\u00adque l\u00e9gitime \u00e0 cla\u00adri\u00adfier les infrac\u00adtions et \u00e0 \u00e9vi\u00adter ainsi des dom\u00admages ou des ris\u00adques de responsa\u00adbi\u00adlit\u00e9 pour M\u00fcnz\u00adin\u00adger + Frie\u00adser Hol\u00adding GmbH. La base juri\u00addi\u00adque cor\u00adre\u00adspond\u00adante est l\u2019art. 6, al. 1 p. 1 lit. f du RGPD. Dans le cadre d\u2019une rela\u00adtion d\u2019emploi, le trai\u00adte\u00adment des don\u00adn\u00e9es peut \u00e9ga\u00adle\u00adment se fon\u00adder sur l\u2019ar\u00adticle 26, para\u00adgra\u00adphe 1, de la loi sur la pro\u00adtec\u00adtion des don\u00adn\u00e9es. 1 BDSG, dans la mesure o\u00f9 elle sert \u00e0 \u00e9luci\u00adder des d\u00e9lits.<\/p>\n<p><strong>Les infor\u00adma\u00adti\u00adons (volon\u00adtai\u00adres) four\u00adnies seront uti\u00adli\u00ads\u00e9es notam\u00adment pour v\u00e9ri\u00adfier et docu\u00admen\u00adter la d\u00e9cla\u00adra\u00adtion ainsi que pour des enqu\u00eates ult\u00e9\u00adri\u00adeu\u00adres. <\/strong>Nous veil\u00adlons \u00e0 ce que seu\u00adles les per\u00adson\u00adnes qui ont besoin de vos don\u00adn\u00e9es pour trai\u00adter les remar\u00adques sou\u00admi\u00adses les re\u00e7oi\u00advent. Un con\u00adtr\u00f4le pr\u00e9\u00adalable est effec\u00adtu\u00e9 par notre d\u00e9l\u00e9\u00adgu\u00e9 \u00e0 la pro\u00adtec\u00adtion des don\u00adn\u00e9es. Le cas \u00e9ch\u00e9\u00adant, les don\u00adn\u00e9es sont trans\u00admi\u00adses aux auto\u00adri\u00adt\u00e9s publi\u00adques, par exemple \u00e0 la police, au minis\u00adt\u00e8re public ou aux tri\u00adbu\u00adnaux. Des presta\u00adtai\u00adres de ser\u00advices (infor\u00adma\u00adti\u00adques) nous assis\u00adtent dans l\u2019ac\u00adcom\u00adplis\u00adse\u00adment de nos t\u00e2ches. Nous les avons soi\u00adgneu\u00adse\u00adment s\u00e9lec\u00adtion\u00adn\u00e9s. Des cont\u00adrats de trai\u00adte\u00adment des com\u00adman\u00addes ont \u00e9t\u00e9 con\u00adclus avec tous les presta\u00adtai\u00adres de ser\u00advices.<\/p>\n<p><strong>Nous atti\u00adrons expres\u00ads\u00e9\u00adment l\u2019at\u00adten\u00adtion sur le fait que nous som\u00admes tenus, le cas \u00e9ch\u00e9\u00adant, d\u2019in\u00adfor\u00admer les per\u00adson\u00adnes accu\u00ads\u00e9es d\u2019ac\u00adcu\u00adsa\u00adti\u00adons ou d\u2019en\u00adqu\u00eates.<\/strong> Dans ce con\u00adtexte, l\u2019i\u00adden\u00adtit\u00e9 de l\u2019in\u00adfor\u00adma\u00adteur n\u2019est pas r\u00e9v\u00e9\u00adl\u00e9e, dans la mesure o\u00f9 cela est l\u00e9ga\u00adle\u00adment pos\u00adsi\u00adble. Les per\u00adson\u00adnes accu\u00ads\u00e9es ne sont pas infor\u00adm\u00e9es si cela peut rendre dif\u00adfi\u00adcile l\u2019\u00e9\u00adluci\u00adda\u00adtion d\u2019une infrac\u00adtion.<\/p>\n<p><strong>Les don\u00adn\u00e9es \u00e0 carac\u00adt\u00e8re per\u00adson\u00adnel sont effa\u00adc\u00e9es d\u00e8s qu\u2019el\u00adles ne sont plus n\u00e9ces\u00adsaires au regard de la fina\u00adlit\u00e9 de leur trai\u00adte\u00adment et qu\u2019au\u00adcune dis\u00adpo\u00adsi\u00adtion l\u00e9gale ne limite leur effa\u00adce\u00adment.<\/strong><\/p>\n<p>Les per\u00adson\u00adnes con\u00adcer\u00adn\u00e9es, c\u2019est-\u00e0-dire les infor\u00adma\u00adteurs dans ce con\u00adtexte, ont le droit de s\u2019op\u00adpo\u00adser \u00e0 tout moment \u00e0 l\u2019uti\u00adli\u00adsa\u00adtion de leurs don\u00adn\u00e9es si cel\u00adles-ci sont trai\u00adt\u00e9es par nos soins sur la base d\u2019un int\u00e9\u00adr\u00eat l\u00e9gitime. En outre, les per\u00adson\u00adnes con\u00adcer\u00adn\u00e9es ont le droit de deman\u00adder des infor\u00adma\u00adti\u00adons sur les don\u00adn\u00e9es que nous avons enre\u00adgis\u00adtr\u00e9es \u00e0 leur sujet. En cas d\u2019in\u00adexacti\u00adtude, la rec\u00adti\u00adfi\u00adca\u00adtion peut \u00eatre exi\u00adg\u00e9e. De m\u00eame, il est pos\u00adsi\u00adble d\u2019e\u00adxi\u00adger la sup\u00adpres\u00adsion des don\u00adn\u00e9es que nous avons enre\u00adgis\u00adtr\u00e9es, dans la mesure o\u00f9 aucune dis\u00adpo\u00adsi\u00adtion l\u00e9gale ne s\u2019y oppose. Dans cer\u00adta\u00adins cas, il est pos\u00adsi\u00adble que nous limi\u00adti\u00adons le trai\u00adte\u00adment sur demande.<\/p>\n<p>Les per\u00adson\u00adnes con\u00adcer\u00adn\u00e9es peu\u00advent nous cont\u00adac\u00adter \u00e0 tout moment pour toute ques\u00adtion rela\u00adtive \u00e0 la pro\u00adtec\u00adtion des don\u00adn\u00e9es, soit par e\u2011mail \u00e0 l\u2019adresse info@planer-systemtechnik.com, soit par cour\u00adrier \u00e0 l\u2019adresse indi\u00adqu\u00e9e ci-des\u00adsus. Notre responsable de la pro\u00adtec\u00adtion des don\u00adn\u00e9es peut \u00eatre cont\u00adact\u00e9 aux coor\u00addon\u00adn\u00e9es indi\u00adqu\u00e9es ci-des\u00adsus.<\/p>\n<p>En outre, vous dis\u00adpo\u00adsez d\u2019un droit de recours aupr\u00e8s de l\u2019au\u00adto\u00adrit\u00e9 de sur\u00adveil\u00adlance. Il s\u2019a\u00adgit du responsable de la pro\u00adtec\u00adtion des don\u00adn\u00e9es et de la libert\u00e9 d\u2019in\u00adfor\u00adma\u00adtion du Land de Bade-Wurt\u00adem\u00adberg.<\/p>\n<p>&nbsp;<\/p>\n","protected":false},"excerpt":{"rendered":"<p>Sys\u00adt\u00e8me d\u2019alerte selon la HinSchG Infor\u00adma\u00adti\u00adons sur le trai\u00adte\u00adment des don\u00adn\u00e9es con\u00adfor\u00adm\u00e9\u00adment aux artic\u00adles 13 et 14 du RGPD L\u2019or\u00adga\u00adnisme responsable est : M\u00fcnz\u00adin\u00adger + Frie\u00adser Hol\u00adding GmbH Olgastr. 14 \u2013 26 72770 Reut\u00adlin\u00adgen T\u00e9l\u00e9\u00adphone : +49 7121 9596 11 T\u00e9l\u00e9\u00adco\u00adpieur : +49 7121 9596 18 Cour\u00adrier \u00e9lec\u00adtro\u00adni\u00adque : info@muenzinger.de Web : www.muenzinger.de Direc\u00adteur g\u00e9n\u00e9\u00adral\u2026<\/p>\n","protected":false},"author":8,"featured_media":0,"parent":0,"menu_order":21,"comment_status":"closed","ping_status":"closed","template":"","meta":{"wp_typography_post_enhancements_disabled":false,"footnotes":"","_links_to":"","_links_to_target":""},"class_list":["post-72965","page","type-page","status-publish","hentry"],"yoast_head":"<!-- This site is optimized with the Yoast SEO plugin v27.3 - https:\/\/yoast.com\/product\/yoast-seo-wordpress\/ -->\n<title>HinSchG - M\u00fcnzinger + Frieser Holding GmbH \/ Adhesive D\u00e4mmsysteme GmbH<\/title>\n<meta name=\"robots\" content=\"noindex, nofollow\" \/>\n<meta property=\"og:locale\" content=\"fr_FR\" \/>\n<meta property=\"og:type\" content=\"article\" \/>\n<meta property=\"og:title\" content=\"HinSchG - M\u00fcnzinger + Frieser Holding GmbH \/ Adhesive D\u00e4mmsysteme GmbH\" \/>\n<meta property=\"og:description\" content=\"Syst\u00e8me d\u2019alerte selon la HinSchG Informations sur le traitement des donn\u00e9es conform\u00e9ment aux articles 13 et 14 du RGPD L\u2019or\u00adga\u00adnisme responsable est : M\u00fcnz\u00adin\u00adger + Frie\u00adser Hol\u00adding GmbH Olgastr. 14 \u2013 26 72770 Reut\u00adlin\u00adgen T\u00e9l\u00e9\u00adphone : +49 7121 9596 11 T\u00e9l\u00e9\u00adco\u00adpieur : +49 7121 9596 18 Cour\u00adrier \u00e9lec\u00adtro\u00adni\u00adque : info@muenzinger.de Web : www.muenzinger.de Direc\u00adteur g\u00e9n\u00e9\u00adral...\" \/>\n<meta property=\"og:url\" content=\"https:\/\/muenzinger.eu\/fr\/hinschg\/\" \/>\n<meta property=\"og:site_name\" content=\"M\u00fcnzinger + Frieser Holding GmbH \/ Adhesive D\u00e4mmsysteme GmbH\" \/>\n<meta property=\"article:modified_time\" content=\"2024-04-02T07:19:45+00:00\" \/>\n<meta name=\"twitter:card\" content=\"summary_large_image\" \/>\n<meta name=\"twitter:label1\" content=\"Dur\u00e9e de lecture estim\u00e9e\" \/>\n\t<meta name=\"twitter:data1\" content=\"4 minutes\" \/>\n<script type=\"application\/ld+json\" class=\"yoast-schema-graph\">{\"@context\":\"https:\\\/\\\/schema.org\",\"@graph\":[{\"@type\":\"WebPage\",\"@id\":\"https:\\\/\\\/muenzinger.eu\\\/fr\\\/hinschg\\\/\",\"url\":\"https:\\\/\\\/muenzinger.eu\\\/fr\\\/hinschg\\\/\",\"name\":\"HinSchG - M\u00fcnzinger + Frieser Holding GmbH \\\/ Adhesive D\u00e4mmsysteme GmbH\",\"isPartOf\":{\"@id\":\"https:\\\/\\\/muenzinger.eu\\\/fr\\\/#website\"},\"datePublished\":\"2024-01-25T15:19:07+00:00\",\"dateModified\":\"2024-04-02T07:19:45+00:00\",\"breadcrumb\":{\"@id\":\"https:\\\/\\\/muenzinger.eu\\\/fr\\\/hinschg\\\/#breadcrumb\"},\"inLanguage\":\"fr-FR\",\"potentialAction\":[{\"@type\":\"ReadAction\",\"target\":[\"https:\\\/\\\/muenzinger.eu\\\/fr\\\/hinschg\\\/\"]}]},{\"@type\":\"BreadcrumbList\",\"@id\":\"https:\\\/\\\/muenzinger.eu\\\/fr\\\/hinschg\\\/#breadcrumb\",\"itemListElement\":[{\"@type\":\"ListItem\",\"position\":1,\"name\":\"Page d'accueil\",\"item\":\"https:\\\/\\\/muenzinger.eu\\\/fr\\\/accueil\\\/\"},{\"@type\":\"ListItem\",\"position\":2,\"name\":\"HinSchG\"}]},{\"@type\":\"WebSite\",\"@id\":\"https:\\\/\\\/muenzinger.eu\\\/fr\\\/#website\",\"url\":\"https:\\\/\\\/muenzinger.eu\\\/fr\\\/\",\"name\":\"M\u00fcnzinger + Frieser Holding GmbH \\\/ Adhesive D\u00e4mmsysteme GmbH\",\"description\":\"\",\"publisher\":{\"@id\":\"https:\\\/\\\/muenzinger.eu\\\/fr\\\/#organization\"},\"potentialAction\":[{\"@type\":\"SearchAction\",\"target\":{\"@type\":\"EntryPoint\",\"urlTemplate\":\"https:\\\/\\\/muenzinger.eu\\\/fr\\\/?s={search_term_string}\"},\"query-input\":{\"@type\":\"PropertyValueSpecification\",\"valueRequired\":true,\"valueName\":\"search_term_string\"}}],\"inLanguage\":\"fr-FR\"},{\"@type\":\"Organization\",\"@id\":\"https:\\\/\\\/muenzinger.eu\\\/fr\\\/#organization\",\"name\":\"M\u00fcnzinger + Frieser Holding GmbH \\\/ Adhesive D\u00e4mmsysteme GmbH\",\"url\":\"https:\\\/\\\/muenzinger.eu\\\/fr\\\/\",\"logo\":{\"@type\":\"ImageObject\",\"inLanguage\":\"fr-FR\",\"@id\":\"https:\\\/\\\/muenzinger.eu\\\/fr\\\/#\\\/schema\\\/logo\\\/image\\\/\",\"url\":\"https:\\\/\\\/muenzinger.eu\\\/wp-content\\\/uploads\\\/2022\\\/12\\\/Muenzinger-logo-01.png\",\"contentUrl\":\"https:\\\/\\\/muenzinger.eu\\\/wp-content\\\/uploads\\\/2022\\\/12\\\/Muenzinger-logo-01.png\",\"width\":580,\"height\":107,\"caption\":\"M\u00fcnzinger + Frieser Holding GmbH \\\/ Adhesive D\u00e4mmsysteme GmbH\"},\"image\":{\"@id\":\"https:\\\/\\\/muenzinger.eu\\\/fr\\\/#\\\/schema\\\/logo\\\/image\\\/\"},\"sameAs\":[\"https:\\\/\\\/www.linkedin.com\\\/company\\\/mnzinger-frieser-holding-gmbh\\\/\"]}]}<\/script>\n<!-- \/ Yoast SEO plugin. -->","yoast_head_json":{"title":"HinSchG - M\u00fcnzinger + Frieser Holding GmbH \/ Adhesive D\u00e4mmsysteme GmbH","robots":{"index":"noindex","follow":"nofollow"},"og_locale":"fr_FR","og_type":"article","og_title":"HinSchG - M\u00fcnzinger + Frieser Holding GmbH \/ Adhesive D\u00e4mmsysteme GmbH","og_description":"Syst\u00e8me d\u2019alerte selon la HinSchG Informations sur le traitement des donn\u00e9es conform\u00e9ment aux articles 13 et 14 du RGPD L\u2019or\u00adga\u00adnisme responsable est : M\u00fcnz\u00adin\u00adger + Frie\u00adser Hol\u00adding GmbH Olgastr. 14 \u2013 26 72770 Reut\u00adlin\u00adgen T\u00e9l\u00e9\u00adphone : +49 7121 9596 11 T\u00e9l\u00e9\u00adco\u00adpieur : +49 7121 9596 18 Cour\u00adrier \u00e9lec\u00adtro\u00adni\u00adque : info@muenzinger.de Web : www.muenzinger.de Direc\u00adteur g\u00e9n\u00e9\u00adral...","og_url":"https:\/\/muenzinger.eu\/fr\/hinschg\/","og_site_name":"M\u00fcnzinger + Frieser Holding GmbH \/ Adhesive D\u00e4mmsysteme GmbH","article_modified_time":"2024-04-02T07:19:45+00:00","twitter_card":"summary_large_image","twitter_misc":{"Dur\u00e9e de lecture estim\u00e9e":"4 minutes"},"schema":{"@context":"https:\/\/schema.org","@graph":[{"@type":"WebPage","@id":"https:\/\/muenzinger.eu\/fr\/hinschg\/","url":"https:\/\/muenzinger.eu\/fr\/hinschg\/","name":"HinSchG - M\u00fcnzinger + Frieser Holding GmbH \/ Adhesive D\u00e4mmsysteme GmbH","isPartOf":{"@id":"https:\/\/muenzinger.eu\/fr\/#website"},"datePublished":"2024-01-25T15:19:07+00:00","dateModified":"2024-04-02T07:19:45+00:00","breadcrumb":{"@id":"https:\/\/muenzinger.eu\/fr\/hinschg\/#breadcrumb"},"inLanguage":"fr-FR","potentialAction":[{"@type":"ReadAction","target":["https:\/\/muenzinger.eu\/fr\/hinschg\/"]}]},{"@type":"BreadcrumbList","@id":"https:\/\/muenzinger.eu\/fr\/hinschg\/#breadcrumb","itemListElement":[{"@type":"ListItem","position":1,"name":"Page d'accueil","item":"https:\/\/muenzinger.eu\/fr\/accueil\/"},{"@type":"ListItem","position":2,"name":"HinSchG"}]},{"@type":"WebSite","@id":"https:\/\/muenzinger.eu\/fr\/#website","url":"https:\/\/muenzinger.eu\/fr\/","name":"M\u00fcnzinger + Frieser Holding GmbH \/ Adhesive D\u00e4mmsysteme GmbH","description":"","publisher":{"@id":"https:\/\/muenzinger.eu\/fr\/#organization"},"potentialAction":[{"@type":"SearchAction","target":{"@type":"EntryPoint","urlTemplate":"https:\/\/muenzinger.eu\/fr\/?s={search_term_string}"},"query-input":{"@type":"PropertyValueSpecification","valueRequired":true,"valueName":"search_term_string"}}],"inLanguage":"fr-FR"},{"@type":"Organization","@id":"https:\/\/muenzinger.eu\/fr\/#organization","name":"M\u00fcnzinger + Frieser Holding GmbH \/ Adhesive D\u00e4mmsysteme GmbH","url":"https:\/\/muenzinger.eu\/fr\/","logo":{"@type":"ImageObject","inLanguage":"fr-FR","@id":"https:\/\/muenzinger.eu\/fr\/#\/schema\/logo\/image\/","url":"https:\/\/muenzinger.eu\/wp-content\/uploads\/2022\/12\/Muenzinger-logo-01.png","contentUrl":"https:\/\/muenzinger.eu\/wp-content\/uploads\/2022\/12\/Muenzinger-logo-01.png","width":580,"height":107,"caption":"M\u00fcnzinger + Frieser Holding GmbH \/ Adhesive D\u00e4mmsysteme GmbH"},"image":{"@id":"https:\/\/muenzinger.eu\/fr\/#\/schema\/logo\/image\/"},"sameAs":["https:\/\/www.linkedin.com\/company\/mnzinger-frieser-holding-gmbh\/"]}]}},"_links":{"self":[{"href":"https:\/\/muenzinger.eu\/fr\/wp-json\/wp\/v2\/pages\/72965","targetHints":{"allow":["GET"]}}],"collection":[{"href":"https:\/\/muenzinger.eu\/fr\/wp-json\/wp\/v2\/pages"}],"about":[{"href":"https:\/\/muenzinger.eu\/fr\/wp-json\/wp\/v2\/types\/page"}],"author":[{"embeddable":true,"href":"https:\/\/muenzinger.eu\/fr\/wp-json\/wp\/v2\/users\/8"}],"replies":[{"embeddable":true,"href":"https:\/\/muenzinger.eu\/fr\/wp-json\/wp\/v2\/comments?post=72965"}],"version-history":[{"count":0,"href":"https:\/\/muenzinger.eu\/fr\/wp-json\/wp\/v2\/pages\/72965\/revisions"}],"wp:attachment":[{"href":"https:\/\/muenzinger.eu\/fr\/wp-json\/wp\/v2\/media?parent=72965"}],"curies":[{"name":"wp","href":"https:\/\/api.w.org\/{rel}","templated":true}]}}