{"id":62742,"date":"2023-12-28T13:23:33","date_gmt":"2023-12-28T12:23:33","guid":{"rendered":"https:\/\/muenzinger.eu\/protection-des-donnees-2\/"},"modified":"2024-04-04T11:19:15","modified_gmt":"2024-04-04T09:19:15","slug":"protection-des-donnees-2","status":"publish","type":"page","link":"https:\/\/muenzinger.eu\/fr\/protection-des-donnees-2\/","title":{"rendered":"Protection des donn\u00e9es"},"content":{"rendered":"<section class=\"l-section wpb_row height_auto\"><div class=\"l-section-h i-cf\"><div class=\"g-cols vc_row via_flex valign_top type_default stacking_default\"><div class=\"vc_col-sm-12 wpb_column vc_column_container\"><div class=\"vc_column-inner\"><div class=\"wpb_wrapper\"><div class=\"wpb_text_column\"><div class=\"wpb_wrapper\"><h1>D\u00e9claration de confidentialit\u00e9<\/h1>\n<p><strong>Responsable au sens du RGPD :<\/strong><\/p>\n<p>M\u00fcnz\u00adin\u00adger + Frie\u00adser Hol\u00adding GmbH<br>\nOlgastr. 14\u201326<br>\nD\u201172770 Reut\u00adlin\u00adgen<\/p>\n<p>T\u00e9l\u00e9\u00adphone : +49 7121\/9596\u20130<br>\nT\u00e9l\u00e9\u00adco\u00adpieur : +49 7121\/9596\u201318<br>\nCour\u00adrier \u00e9lec\u00adtro\u00adni\u00adque : info@muenzinger.de<br>\nInter\u00adnet : www.muenzinger.de<br>\nDirec\u00adteur g\u00e9n\u00e9\u00adral : Uwe M\u00fcnz\u00adin\u00adger<\/p>\n<p>Con\u00adfor\u00adm\u00e9\u00adment aux artic\u00adles 37 \u2013 39 du RGPD \/ \u00a7 38 de la loi f\u00e9d\u00e9\u00adrale sur la pro\u00adtec\u00adtion des don\u00adn\u00e9es (BDSG), nous avons d\u00e9si\u00adgn\u00e9 un d\u00e9l\u00e9\u00adgu\u00e9 \u00e0 la pro\u00adtec\u00adtion des don\u00adn\u00e9es (DPD) externe :<\/p>\n<p>Tabea Knabe, cour\u00adriel : datenschutz@muenzinger.de<\/p>\n<p>Sauf indi\u00adca\u00adtion con\u00adtraire ci-des\u00ad\u00adsous, la mise \u00e0 dis\u00adpo\u00adsi\u00adtion de vos don\u00adn\u00e9es per\u00adson\u00adnel\u00adles n\u2019est ni pre\u00adscrite par la loi ou par un cont\u00adrat, ni n\u00e9ces\u00adsaire \u00e0 la con\u00adclu\u00adsion d\u2019un cont\u00adrat. Vous n\u2019\u00eates pas oblig\u00e9 de four\u00adnir ces don\u00adn\u00e9es. L\u2019ab\u00adsence de mise \u00e0 dis\u00adpo\u00adsi\u00adtion n\u2019a aucune con\u00ads\u00e9\u00adquence. Ceci n\u2019est valable que dans la mesure o\u00f9 aucune autre indi\u00adca\u00adtion n\u2019est don\u00adn\u00e9e lors des op\u00e9\u00adra\u00adti\u00adons de trai\u00adte\u00adment sui\u00advan\u00adtes.<\/p>\n<p>Les don\u00adn\u00e9es \u00e0 carac\u00adt\u00e8re per\u00adson\u00adnel sont tou\u00adtes les infor\u00adma\u00adti\u00adons qui se rap\u00adportent \u00e0 une per\u00adsonne phy\u00adsi\u00adque iden\u00adti\u00adfi\u00e9e ou iden\u00adti\u00adfia\u00adble.<\/p>\n<p><strong>1. les fichiers jour\u00adnaux du ser\u00adveur<\/strong><\/p>\n<p>Vous pou\u00advez visi\u00adter nos pages web sans four\u00adnir d\u2019in\u00adfor\u00adma\u00adti\u00adons sur votre per\u00adsonne. Lors de chaque acc\u00e8s \u00e0 notre site web, des don\u00adn\u00e9es d\u2019uti\u00adli\u00adsa\u00adtion sont trans\u00admi\u00adses par votre navi\u00adga\u00adteur Inter\u00adnet \u00e0 nous ou \u00e0 notre h\u00e9ber\u00adgeur web \/ presta\u00adtaire de ser\u00advices infor\u00adma\u00adti\u00adques et sont enre\u00adgis\u00adtr\u00e9es dans des don\u00adn\u00e9es de pro\u00adto\u00adcole (appel\u00e9es fichiers jour\u00adnaux du ser\u00adveur). Ces don\u00adn\u00e9es enre\u00adgis\u00adtr\u00e9es com\u00adpren\u00adnent, par exemple, le nom de la page con\u00adsul\u00adt\u00e9e, la date et l\u2019heure de la con\u00adsul\u00adta\u00adtion, l\u2019adresse IP, la quan\u00adtit\u00e9 de don\u00adn\u00e9es trans\u00admi\u00adses et le four\u00adnis\u00adseur d\u2019ac\u00adc\u00e8s. Le trai\u00adte\u00adment est effec\u00adtu\u00e9 sur la base de l\u2019art. 6 al. 1 lit. f du RGPD en rai\u00adson de notre int\u00e9\u00adr\u00eat l\u00e9gitime pr\u00e9pon\u00add\u00e9\u00adrant \u00e0 garan\u00adtir un fon\u00adc\u00adtion\u00adne\u00adment sans faille de notre site web et \u00e0 am\u00e9\u00adlio\u00adrer notre offre.<\/p>\n<p><strong>2. l\u2019h\u00e9\u00adber\u00adge\u00adment<\/strong><\/p>\n<p>Pour notre site web, nous uti\u00adli\u00adsons les ser\u00advices de Mitt\u00adwald CM Ser\u00advice GmbH &amp; Co. KG, K\u00f6nigs\u00adber\u00adger Stra\u00dfe 4\u20136, 32339 Espel\u00adkamp. Notre site web est h\u00e9berg\u00e9 sur les ser\u00adve\u00adurs de Mitt\u00adwald. Tou\u00adtes les don\u00adn\u00e9es coll\u00adec\u00adt\u00e9es sur notre site web sont trai\u00adt\u00e9es sur les ser\u00adve\u00adurs de Mitt\u00adwald en Alle\u00adma\u00adgne ou au sein de l\u2019UE. La base juri\u00addi\u00adque du trai\u00adte\u00adment est notre int\u00e9\u00adr\u00eat l\u00e9gitime \u00e0 une mise \u00e0 dis\u00adpo\u00adsi\u00adtion s\u00fbre, rapide et effi\u00adcace de notre site Inter\u00adnet, con\u00adfor\u00adm\u00e9\u00adment \u00e0 l\u2019ar\u00adticle 6, para\u00adgra\u00adphe 1. 1 p. 1 lit. f du RGPD.<br>\nNous avons con\u00adclu un accord de trai\u00adte\u00adment des com\u00adman\u00addes avec Mitt\u00adwald. Vous trou\u00adverez de plus amp\u00adles infor\u00adma\u00adti\u00adons sur la pro\u00adtec\u00adtion des don\u00adn\u00e9es de Mitt\u00adwald sur https:\/\/www.mittwald.de\/datenschutz<\/p>\n<p>En outre, nous uti\u00adli\u00adsons pour notre site web les ser\u00advices de Alfah\u00ados\u00adting GmbH, Edmund-von-Lip\u00adp\u00ad\u00admann-Stra\u00dfe 13\u201315, 06112 Halle (Saale). Notre site web est h\u00e9berg\u00e9 sur les ser\u00adve\u00adurs d\u2019Al\u00adfah\u00ados\u00adting. Tou\u00adtes les don\u00adn\u00e9es coll\u00adec\u00adt\u00e9es sur notre site web sont trai\u00adt\u00e9es sur les ser\u00adve\u00adurs d\u2019Al\u00adfah\u00ados\u00adting en Alle\u00adma\u00adgne ou au sein de l\u2019UE. La base juri\u00addi\u00adque du trai\u00adte\u00adment est notre int\u00e9\u00adr\u00eat l\u00e9gitime \u00e0 une mise \u00e0 dis\u00adpo\u00adsi\u00adtion s\u00fbre, rapide et effi\u00adcace de notre site Inter\u00adnet, con\u00adfor\u00adm\u00e9\u00adment \u00e0 l\u2019ar\u00adticle 6, para\u00adgra\u00adphe 1. 1 p. 1 lit. f du RGPD.<br>\nNous avons con\u00adclu un accord de trai\u00adte\u00adment des com\u00adman\u00addes avec Alfah\u00ados\u00adting. Pour plus d\u2019in\u00adfor\u00adma\u00adti\u00adons sur la pro\u00adtec\u00adtion des don\u00adn\u00e9es d\u2019Al\u00adfah\u00ados\u00adting, veuil\u00adlez con\u00adsul\u00adter le site https:\/\/www.alfahosting.de\/datenschutz.<\/p>\n<p><strong>3. coll\u00adecte et trai\u00adte\u00adment lors de l\u2019uti\u00adli\u00adsa\u00adtion du for\u00admu\u00adlaire de cont\u00adact<\/strong><\/p>\n<p>Lors de l\u2019uti\u00adli\u00adsa\u00adtion du for\u00admu\u00adlaire de cont\u00adact, nous ne coll\u00adec\u00adtons vos don\u00adn\u00e9es per\u00adson\u00adnel\u00adles (nom, adresse e\u2011mail, texte du mes\u00adsage) que dans la mesure o\u00f9 vous les avez mises \u00e0 dis\u00adpo\u00adsi\u00adtion. Le trai\u00adte\u00adment des don\u00adn\u00e9es a pour but la prise de cont\u00adact.<br>\nSi la prise de cont\u00adact sert \u00e0 l\u2019ex\u00e9\u00adcu\u00adtion de mesu\u00adres pr\u00e9\u00adcon\u00adtrac\u00adtu\u00adel\u00adles (par ex. con\u00adseil en cas d\u2019in\u00adt\u00e9\u00adr\u00eat d\u2019achat, \u00e9ta\u00adblis\u00adse\u00adment d\u2019une offre) ou con\u00adcerne un cont\u00adrat d\u00e9j\u00e0 con\u00adclu entre vous et nous, ce trai\u00adte\u00adment de don\u00adn\u00e9es est effec\u00adtu\u00e9 sur la base de l\u2019art. 6 al. 1 p. 1 lit. b du RGPD.<br>\nSi la prise de cont\u00adact a lieu pour d\u2019au\u00adt\u00adres rai\u00adsons, ce trai\u00adte\u00adment des don\u00adn\u00e9es est effec\u00adtu\u00e9 sur la base de l\u2019art. 6 al. 1 p. 1 lit. f du RGPD en rai\u00adson de notre int\u00e9\u00adr\u00eat l\u00e9gitime pr\u00e9pon\u00add\u00e9\u00adrant \u00e0 trai\u00adter et \u00e0 r\u00e9pondre \u00e0 votre demande. Dans ce cas, vous avez le droit, pour des rai\u00adsons li\u00e9es \u00e0 votre situa\u00adtion par\u00adti\u00adcu\u00adli\u00e8re, d\u2019e\u00adxer\u00adcer \u00e0 tout moment ce droit fond\u00e9 sur l\u2019ar\u00adticle 6, para\u00adgra\u00adphe 1, de la direc\u00adtive. 1 lit. Vous avez le droit de vous oppo\u00adser au trai\u00adte\u00adment de vos don\u00adn\u00e9es \u00e0 carac\u00adt\u00e8re per\u00adson\u00adnel sur la base des dis\u00adpo\u00adsi\u00adti\u00adons de l\u2019ar\u00adticle 7, para\u00adgra\u00adphe 1, point f), du RGPD.<br>\nNous n\u2019uti\u00adli\u00adsons votre adresse e\u2011mail que pour trai\u00adter votre demande. Vos don\u00adn\u00e9es seront ensuite sup\u00adp\u00adri\u00adm\u00e9es dans le respect des d\u00e9lais de con\u00adser\u00adva\u00adtion l\u00e9gaux, \u00e0 moins que vous n\u2019ayez con\u00adsenti \u00e0 un trai\u00adte\u00adment et une uti\u00adli\u00adsa\u00adtion plus pous\u00ads\u00e9s.<\/p>\n<p><strong>4. compte cli\u00adent com\u00adman\u00addes<\/strong><\/p>\n<p>Pour la con\u00adclu\u00adsion, l\u2019ex\u00e9\u00adcu\u00adtion ou la fin de votre contrat\/commande\/r\u00e9clamation, nous avons \u00e9ga\u00adle\u00adment besoin de vos don\u00adn\u00e9es per\u00adson\u00adnel\u00adles. Il s\u2019a\u00adgit par exemple de<br>\n-<br>\nPr\u00e9\u00adnom, nom de famille<br>\n-<br>\nAdresse de fac\u00adtu\u00adra\u00adtion et de liv\u00adrai\u00adson<br>\n-<br>\nAdresse \u00e9lec\u00adtro\u00adni\u00adque<br>\n-<br>\nDon\u00adn\u00e9es de fac\u00adtu\u00adra\u00adtion et de pai\u00adement<br>\n-<br>\nnum\u00e9ro de t\u00e9l\u00e9\u00adphone, le cas \u00e9ch\u00e9\u00adant<\/p>\n<p><strong>Compte cli\u00adent<\/strong><\/p>\n<p>Lors de l\u2019ou\u00adver\u00adture d\u2019un compte cli\u00adent, nous coll\u00adec\u00adtons vos don\u00adn\u00e9es per\u00adson\u00adnel\u00adles dans la mesure indi\u00adqu\u00e9e. Le trai\u00adte\u00adment des don\u00adn\u00e9es a pour but de faci\u00adli\u00adter vos achats et de sim\u00adpli\u00adfier le trai\u00adte\u00adment des com\u00adman\u00addes. Le trai\u00adte\u00adment est effec\u00adtu\u00e9 sur la base de l\u2019art. 6 al. 1 p. 1 lit. a RGPD avec votre con\u00adsen\u00adte\u00adment. Vous pou\u00advez r\u00e9vo\u00adquer votre con\u00adsen\u00adte\u00adment \u00e0 tout moment en nous en infor\u00admant, sans que cela n\u2019af\u00adfecte la l\u00e9ga\u00adlit\u00e9 du trai\u00adte\u00adment effec\u00adtu\u00e9 sur la base du con\u00adsen\u00adte\u00adment jus\u00adqu\u2019\u00e0 la r\u00e9vo\u00adca\u00adtion. Votre compte cli\u00adent sera ensuite sup\u00adp\u00adrim\u00e9.<\/p>\n<p><strong>Coll\u00adecte, trai\u00adte\u00adment et trans\u00admis\u00adsion de don\u00adn\u00e9es \u00e0 carac\u00adt\u00e8re per\u00adson\u00adnel lors de com\u00adman\u00addes<\/strong><\/p>\n<p>Lors de la com\u00admande, nous ne coll\u00adec\u00adtons et trai\u00adtons vos don\u00adn\u00e9es per\u00adson\u00adnel\u00adles que dans la mesure o\u00f9 cela est n\u00e9ces\u00adsaire \u00e0 l\u2019ex\u00e9\u00adcu\u00adtion et au trai\u00adte\u00adment de votre com\u00admande ainsi qu\u2019au trai\u00adte\u00adment de vos deman\u00addes. La four\u00adni\u00adture des don\u00adn\u00e9es est n\u00e9ces\u00adsaire \u00e0 la con\u00adclu\u00adsion du cont\u00adrat. L\u2019ab\u00adsence de mise \u00e0 dis\u00adpo\u00adsi\u00adtion a pour con\u00ads\u00e9\u00adquence qu\u2019au\u00adcun cont\u00adrat ne peut \u00eatre con\u00adclu. Le trai\u00adte\u00adment est effec\u00adtu\u00e9 sur la base de l\u2019art. 6 al. 1 p. 1 lit. b du RGPD et est n\u00e9ces\u00adsaire \u00e0 l\u2019ex\u00e9\u00adcu\u00adtion d\u2019un cont\u00adrat avec vous.<br>\nVos don\u00adn\u00e9es sont par exemple trans\u00admi\u00adses aux ent\u00adre\u00adpri\u00adses d\u2019ex\u00adp\u00e9\u00addi\u00adtion et aux four\u00adnis\u00adseurs de drop\u00adship\u00adping que vous avez choi\u00adsis, aux presta\u00adtai\u00adres de ser\u00advices de pai\u00adement, aux four\u00adnis\u00adseurs de ser\u00advices pour le trai\u00adte\u00adment des com\u00adman\u00addes et aux presta\u00adtai\u00adres de ser\u00advices infor\u00adma\u00adti\u00adques. Dans tous les cas, nous respec\u00adtons stric\u00adte\u00adment les dis\u00adpo\u00adsi\u00adti\u00adons l\u00e9ga\u00adles. L\u2019\u00e9\u00adten\u00addue de la trans\u00admis\u00adsion des don\u00adn\u00e9es est limi\u00adt\u00e9e au mini\u00admum.<\/p>\n<p><strong>5. publi\u00adcit\u00e9<\/strong><\/p>\n<p><strong>Uti\u00adli\u00adsa\u00adtion de l\u2019adresse \u00e9lec\u00adtro\u00adni\u00adque pour l\u2019en\u00advoi de publi\u00adcit\u00e9 directe<\/strong><br>\nNous uti\u00adli\u00adsons votre adresse \u00e9lec\u00adtro\u00adni\u00adque, que nous avons obte\u00adnue dans le cadre de la vente d\u2019un pro\u00adduit ou d\u2019un ser\u00advice, pour vous envoyer par voie \u00e9lec\u00adtro\u00adni\u00adque de la publi\u00adcit\u00e9 pour nos pro\u00adpres pro\u00adduits ou ser\u00advices, simi\u00adlai\u00adres \u00e0 ceux que vous avez d\u00e9j\u00e0 ache\u00adt\u00e9s chez nous, dans la mesure o\u00f9 vous ne vous \u00eates pas oppos\u00e9 \u00e0 cette uti\u00adli\u00adsa\u00adtion. La mise \u00e0 dis\u00adpo\u00adsi\u00adtion de l\u2019adresse e\u2011mail est n\u00e9ces\u00adsaire \u00e0 la con\u00adclu\u00adsion du cont\u00adrat. L\u2019ab\u00adsence de mise \u00e0 dis\u00adpo\u00adsi\u00adtion a pour con\u00ads\u00e9\u00adquence qu\u2019au\u00adcun cont\u00adrat ne peut \u00eatre con\u00adclu. Le trai\u00adte\u00adment est effec\u00adtu\u00e9 sur la base de l\u2019art. 6 al. 1 p. 1 lit. f du RGPD en rai\u00adson de notre int\u00e9\u00adr\u00eat l\u00e9gitime pr\u00e9pon\u00add\u00e9\u00adrant \u00e0 la publi\u00adcit\u00e9 directe. Vous pou\u00advez \u00e0 tout moment vous oppo\u00adser \u00e0 cette uti\u00adli\u00adsa\u00adtion de votre adresse e\u2011mail en nous en infor\u00admant. Vous trou\u00adverez les coor\u00addon\u00adn\u00e9es pour exer\u00adcer votre droit d\u2019op\u00adpo\u00adsi\u00adtion dans les men\u00adti\u00adons l\u00e9ga\u00adles. Vous pou\u00advez \u00e9ga\u00adle\u00adment uti\u00adli\u00adser le lien pr\u00e9vu \u00e0 cet effet dans l\u2019e\u2011mail publi\u00adci\u00adtaire. Il n\u2019y a pas de frais de trans\u00admis\u00adsion aut\u00adres que ceux pr\u00e9\u00advus par les tarifs de base.<\/p>\n<p><strong>6. presta\u00adtaire de ser\u00advices de pai\u00adement<\/strong><\/p>\n<p><strong>Uti\u00adli\u00adsa\u00adtion de Pay\u00adPal<br>\n<\/strong><br>\nTou\u00adtes les tran\u00adsac\u00adtions Pay\u00adPal sont sou\u00admi\u00adses \u00e0 la d\u00e9cla\u00adra\u00adtion de con\u00adfi\u00adden\u00adtia\u00adlit\u00e9 de Pay\u00adPal. Vous les trou\u00adverez sur https:\/\/www.paypal.com\/de\/webapps\/mpp\/ua\/privacy-full<\/p>\n<p><strong>Uti\u00adli\u00adsa\u00adtion de Pay\u00adPal Express<\/strong><\/p>\n<p>Nous uti\u00adli\u00adsons sur notre site Inter\u00adnet le ser\u00advice de pai\u00adement Pay\u00adPal Express de Pay\u00adPal (Europe) S.\u00e0.r.l. et Cie, S.C.A. (22\u201324 Bou\u00adle\u00advard Royal L\u20112449, Luxem\u00adbourg ; \u201cPay\u00adPal\u201d). Le trai\u00adte\u00adment des don\u00adn\u00e9es a pour but de pou\u00advoir vous pro\u00adpo\u00adser le pai\u00adement via le ser\u00advice de pai\u00adement Pay\u00adPal Express. Pour int\u00e9\u00adgrer ce ser\u00advice de pai\u00adement, il est n\u00e9ces\u00adsaire que Pay\u00adPal coll\u00adecte, enre\u00adgistre et ana\u00adlyse des don\u00adn\u00e9es (par ex. adresse IP, type d\u2019ap\u00adpa\u00adreil, sys\u00adt\u00e8me d\u2019ex\u00adplo\u00adita\u00adtion, type de navi\u00adga\u00adteur, empla\u00adce\u00adment de votre appa\u00adreil) lors de l\u2019ou\u00adver\u00adture du site web. Des coo\u00adkies peu\u00advent \u00e9ga\u00adle\u00adment \u00eatre uti\u00adli\u00ads\u00e9s \u00e0 cet effet. Les coo\u00adkies per\u00admet\u00adtent de recon\u00adna\u00eetre votre navi\u00adga\u00adteur.<br>\nL\u2019uti\u00adli\u00adsa\u00adtion de coo\u00adkies ou de tech\u00adno\u00adlo\u00adgies com\u00adpa\u00adra\u00adbles s\u2019ef\u00adfec\u00adtue sur la base du \u00a7 15 al. 3 P. 1 DE LA LOI SUR LES T\u00c9L\u00c9M\u00c9DIAS. Le trai\u00adte\u00adment de vos don\u00adn\u00e9es per\u00adson\u00adnel\u00adles s\u2019ef\u00adfec\u00adtue sur la base de l\u2019art. 6 al. 1 p. 1 lit. f du RGPD en rai\u00adson de notre int\u00e9\u00adr\u00eat l\u00e9gitime pr\u00e9pon\u00add\u00e9\u00adrant \u00e0 pro\u00adpo\u00adser une offre de dif\u00adf\u00e9r\u00adents modes de pai\u00adement ori\u00aden\u00adt\u00e9e vers le cli\u00adent. Vous avez le droit de vous oppo\u00adser \u00e0 tout moment, pour des rai\u00adsons ten\u00adant \u00e0 votre situa\u00adtion par\u00adti\u00adcu\u00adli\u00e8re, \u00e0 ces trai\u00adte\u00adments de don\u00adn\u00e9es \u00e0 carac\u00adt\u00e8re per\u00adson\u00adnel vous con\u00adcer\u00adnant.<br>\nEn s\u00e9lec\u00adtion\u00adnant et en uti\u00adli\u00adsant Pay\u00adPal Express, les don\u00adn\u00e9es n\u00e9ces\u00adsaires au trai\u00adte\u00adment du pai\u00adement sont trans\u00admi\u00adses \u00e0 Pay\u00adPal afin de pou\u00advoir rem\u00adplir le cont\u00adrat avec vous avec le mode de pai\u00adement choisi. Ce trai\u00adte\u00adment est effec\u00adtu\u00e9 sur la base de l\u2019ar\u00adticle 6, para\u00adgra\u00adphe 1, phrase 1, lettre b du RGPD. Vous trou\u00adverez de plus amp\u00adles infor\u00adma\u00adti\u00adons sur le trai\u00adte\u00adment des don\u00adn\u00e9es lors de l\u2019uti\u00adli\u00adsa\u00adtion du ser\u00advice de pai\u00adement Pay\u00adPal Express dans la d\u00e9cla\u00adra\u00adtion de pro\u00adtec\u00adtion des don\u00adn\u00e9es cor\u00adre\u00adspond\u00adante \u00e0 l\u2019adresse www.paypal.com\/de\/webapps\/mpp\/ua\/privacy-full?locale.x=de_DE#Updated_PS.<\/p>\n<p><strong>Uti\u00adli\u00adsa\u00adtion de Mol\u00adlie (vire\u00adment ban\u00adcaire SEPA, SOFORT Ban\u00adking, Pay\u00adPal, carte de cr\u00e9\u00addit, Pay later)<\/strong><\/p>\n<p>Nous pro\u00adpo\u00adsons dif\u00adf\u00e9r\u00adents modes de pai\u00adement dans notre bou\u00adtique via le four\u00adnis\u00adseur Mol\u00adlie. En font actu\u00adel\u00adle\u00adment par\u00adtie le vire\u00adment ban\u00adcaire SEPA, Sofort Ban\u00adking, Pay\u00adPal, la carte de cr\u00e9\u00addit, Pay later. Le mode de pai\u00adement par avance n\u2019est pas li\u00e9 \u00e0 Mol\u00adlie. Mol\u00adlie est un presta\u00adtaire de ser\u00advices de pai\u00adement de Mol\u00adlie B.V., Kei\u00adzers\u00adgracht 126, 1015 CW Ams\u00adter\u00addam, Pays-Bas.<br>\nLors\u00adqu\u2019un pai\u00adement est effec\u00adtu\u00e9 avec les modes de pai\u00adement li\u00e9s \u00e0 Mol\u00adlie, Mol\u00adlie coll\u00adecte diver\u00adses don\u00adn\u00e9es de tran\u00adsac\u00adtion et les trans\u00admet aux \u00e9ta\u00adblis\u00adse\u00adments de pai\u00adement. Outre les don\u00adn\u00e9es de pai\u00adement requi\u00adses, d\u2019au\u00adt\u00adres don\u00adn\u00e9es (adresse de liv\u00adrai\u00adson, panier d\u2019achat) sont \u00e9ven\u00adtu\u00adel\u00adle\u00adment sai\u00adsies. Gr\u00e2ce \u00e0 Mol\u00adlie, la tran\u00adsac\u00adtion est effec\u00adtu\u00e9e en liai\u00adson avec la ban\u00adque ou le presta\u00adtaire de pai\u00adement.<br>\nauthen\u00adti\u00adfi\u00e9. Le mon\u00adtant du pai\u00adement est ensuite trans\u00adf\u00e9r\u00e9 sur notre compte.<br>\nLa base du trai\u00adte\u00adment des don\u00adn\u00e9es est l\u2019art. 6, al. 1 p. 1 lit. b du RGPD.<br>\nLes infor\u00adma\u00adti\u00adons rela\u00adti\u00adves \u00e0 la pro\u00adtec\u00adtion des don\u00adn\u00e9es pour le presta\u00adtaire de ser\u00advices de pai\u00adement Mol\u00adlie sont dis\u00adpo\u00adnibles sur https:\/\/www.mollie.com\/de\/privacy. Sur la page d\u2019ac\u00adcu\u00adeil de Mol\u00adlie, vous trou\u00adverez \u00e9ga\u00adle\u00adment les con\u00addi\u00adti\u00adons g\u00e9n\u00e9\u00adra\u00adles en vigueur.<br>\nSi vous choi\u00adsis\u00adsez le mode de pai\u00adement par fac\u00adture, une v\u00e9ri\u00adfi\u00adca\u00adtion de la sol\u00adva\u00adbi\u00adlit\u00e9 est effec\u00adtu\u00e9e par Mol\u00adlie afin de mini\u00admi\u00adser le ris\u00adque de non-pai\u00ade\u00adment. Pour ce faire, nous avons besoin de votre con\u00adsen\u00adte\u00adment pour la trans\u00admis\u00adsion des don\u00adn\u00e9es n\u00e9ces\u00adsaires \u00e0 la v\u00e9ri\u00adfi\u00adca\u00adtion de l\u2019i\u00adden\u00adtit\u00e9 et de la sol\u00adva\u00adbi\u00adlit\u00e9. En cas d\u2019ac\u00adcord de votre part, vos don\u00adn\u00e9es seront trans\u00admi\u00adses \u00e0 Mol\u00adlie. Mol\u00adlie trans\u00admet ces don\u00adn\u00e9es \u00e0 des ent\u00adre\u00adpri\u00adses par\u00adten\u00adaires man\u00adda\u00adt\u00e9es ou \u00e0 des agen\u00adces de rens\u00adeig\u00adne\u00adments \u00e9co\u00adno\u00admi\u00adques. Vous trou\u00adverez de plus amp\u00adles infor\u00adma\u00adti\u00adons \u00e0 ce sujet dans les infor\u00adma\u00adti\u00adons sur la pro\u00adtec\u00adtion des don\u00adn\u00e9es de Mol\u00adlie. C\u2019est sur la base des infor\u00adma\u00adti\u00adons rela\u00adti\u00adves \u00e0 la sol\u00adva\u00adbi\u00adlit\u00e9 que la d\u00e9cis\u00adion d\u2019\u00e9\u00adta\u00adb\u00adlir, d\u2019ex\u00e9\u00adcu\u00adter ou de mettre fin \u00e0 une rela\u00adtion con\u00adtrac\u00adtu\u00adelle est prise.<br>\nVous pou\u00advez r\u00e9vo\u00adquer votre con\u00adsen\u00adte\u00adment \u00e0 tout moment aupr\u00e8s de Mol\u00adlie. Tou\u00adte\u00adfois, Mol\u00adlie con\u00adserve le droit, le cas \u00e9ch\u00e9\u00adant, de trai\u00adter, d\u2019uti\u00adli\u00adser et de trans\u00admettre vos don\u00adn\u00e9es per\u00adson\u00adnel\u00adles dans la mesure o\u00f9 cela est n\u00e9ces\u00adsaire pour le trai\u00adte\u00adment con\u00adtrac\u00adtuel des pai\u00adements ou si cela est pre\u00adscrit par la loi ou ordonn\u00e9 par un tri\u00adbu\u00adnal ou une auto\u00adrit\u00e9.<br>\nLe trai\u00adte\u00adment des don\u00adn\u00e9es pour la v\u00e9ri\u00adfi\u00adca\u00adtion de la sol\u00adva\u00adbi\u00adlit\u00e9 s\u2019ef\u00adfec\u00adtue sur la base de votre con\u00adsen\u00adte\u00adment con\u00adfor\u00adm\u00e9\u00adment \u00e0 l\u2019ar\u00adticle 6, para\u00adgra\u00adphe 6. 1 p. 1 lit. a RGPD.<\/p>\n<p><strong>7. m\u00e9dias sociaux<\/strong><\/p>\n<p>Nous som\u00admes pr\u00e9s\u00adents sur dif\u00adf\u00e9r\u00adents r\u00e9seaux sociaux. Ils sont d\u00e9tail\u00adl\u00e9s ci-des\u00ad\u00adsous. Les cli\u00adents, les per\u00adson\u00adnes int\u00e9\u00adres\u00ads\u00e9es ou les uti\u00adli\u00adsa\u00adteurs peu\u00advent ainsi com\u00admu\u00adni\u00adquer avec nous et s\u2019in\u00adfor\u00admer sur nos acti\u00advi\u00adt\u00e9s et nos pro\u00adduits.<br>\nDans ce con\u00adtexte, nous atti\u00adrons votre atten\u00adtion sur le fait que, le cas \u00e9ch\u00e9\u00adant, les don\u00adn\u00e9es des uti\u00adli\u00adsa\u00adteurs peu\u00advent \u00e9ga\u00adle\u00adment \u00eatre trai\u00adt\u00e9es en dehors de l\u2019U\u00adnion euro\u00adp\u00e9\u00adenne. En rai\u00adson de cela, il peut y avoir des ris\u00adques pour les uti\u00adli\u00adsa\u00adteurs de nos pr\u00e9\u00adsen\u00adces sur les r\u00e9seaux sociaux.<br>\nEn r\u00e8gle g\u00e9n\u00e9\u00adrale, les r\u00e9seaux sociaux uti\u00adli\u00adsent \u00e9ga\u00adle\u00adment les don\u00adn\u00e9es des uti\u00adli\u00adsa\u00adteurs \u00e0 des fins d\u2019\u00e9tu\u00addes de mar\u00adch\u00e9 et de publi\u00adcit\u00e9. Le com\u00adporte\u00adment d\u2019uti\u00adli\u00adsa\u00adtion est par exemple uti\u00adlis\u00e9 pour des annon\u00adces publi\u00adci\u00adtaires per\u00adson\u00adna\u00adli\u00ads\u00e9es. Les int\u00e9\u00adr\u00eats des uti\u00adli\u00adsa\u00adteurs sont pris en compte. Pour ce faire, des coo\u00adkies sont enre\u00adgis\u00adtr\u00e9s sur les appareils des uti\u00adli\u00adsa\u00adteurs, ce qui per\u00admet de tirer des con\u00adclu\u00adsi\u00adons sur leur com\u00adporte\u00adment d\u2019uti\u00adli\u00adsa\u00adtion et leurs int\u00e9\u00adr\u00eats.<br>\nLe trai\u00adte\u00adment des don\u00adn\u00e9es \u00e0 carac\u00adt\u00e8re per\u00adson\u00adnel dans les r\u00e9seaux sociaux est effec\u00adtu\u00e9 de notre c\u00f4t\u00e9 sur la base d\u2019un int\u00e9\u00adr\u00eat l\u00e9gitime selon l\u2019art. 6, al. 1 lit. f. RGPD. Notre objec\u00adtif est d\u2019assurer une com\u00admu\u00adni\u00adca\u00adtion effi\u00adcace avec les uti\u00adli\u00adsa\u00adteurs et de vous infor\u00admer sur nos acti\u00advi\u00adt\u00e9s et nos pro\u00adduits.<br>\nSi un con\u00adsen\u00adte\u00adment au trai\u00adte\u00adment des don\u00adn\u00e9es est n\u00e9ces\u00adsaire, le trai\u00adte\u00adment est effec\u00adtu\u00e9 con\u00adfor\u00adm\u00e9\u00adment \u00e0 l\u2019art. 6, al. 1 p. 1 lit. a. et l\u2019ar\u00adticle 7 du RGPD.<br>\nIl ne nous est pas pos\u00adsi\u00adble de sui\u00advre tou\u00adtes les op\u00e9\u00adra\u00adti\u00adons de trai\u00adte\u00adment des r\u00e9seaux sociaux. C\u2019est pour\u00adquoi vous adres\u00adsez les deman\u00addes d\u2019in\u00adfor\u00adma\u00adtion direc\u00adte\u00adment aux dif\u00adf\u00e9r\u00adents explo\u00aditants des r\u00e9seaux sociaux. Seul le four\u00adnis\u00adseur a acc\u00e8s aux don\u00adn\u00e9es des uti\u00adli\u00adsa\u00adteurs et peut ainsi four\u00adnir des infor\u00adma\u00adti\u00adons ou prendre des mesu\u00adres appro\u00adpri\u00e9es en cas d\u2019e\u00adxer\u00adcice des droits des uti\u00adli\u00adsa\u00adteurs. Vous pou\u00advez tou\u00adte\u00adfois vous adresser \u00e0 nous ou \u00e0 notre responsable de la pro\u00adtec\u00adtion des don\u00adn\u00e9es pour toute ques\u00adtion rela\u00adtive \u00e0 la pro\u00adtec\u00adtion des don\u00adn\u00e9es.<br>\nPour plus de d\u00e9tails ou de pos\u00adsi\u00adbi\u00adli\u00adt\u00e9s d\u2019op\u00adpo\u00adsi\u00adtion, nous vous ren\u00advo\u00ady\u00adons aux dif\u00adf\u00e9\u00adren\u00adtes pages :<\/p>\n<p><strong>Face\u00adbook<\/strong><\/p>\n<p>Le four\u00adnis\u00adseur est Meta Plat\u00adforms Ire\u00adland Limi\u00adted , 4 Grand Canal Square, Dub\u00adlin 2, Irlande. Vous trou\u00adverez la d\u00e9cla\u00adra\u00adtion de con\u00adfi\u00adden\u00adtia\u00adlit\u00e9 de Face\u00adbook sous<br>\nhttps:\/\/www.facebook.com\/about\/privacy\/update<br>\net<br>\nhttps:\/\/www.facebook.com\/legal\/terms\/page_controller_addendum.<\/p>\n<p><strong>Lin\u00adke\u00addIn<\/strong><\/p>\n<p>Le four\u00adnis\u00adseur est Lin\u00adke\u00addIn Ire\u00adland Unli\u00admi\u00adted Com\u00adpany, Wil\u00adton Place, Dub\u00adlin 2, Irlande. Vous trou\u00adverez la d\u00e9cla\u00adra\u00adtion de pro\u00adtec\u00adtion des don\u00adn\u00e9es sous :<br>\nhttps:\/\/www.linkedin.com\/legal\/privacy-policy?_l=de_DE.<\/p>\n<p><strong>8. les coo\u00adkies<\/strong><\/p>\n<p>Notre site web uti\u00adlise des coo\u00adkies. Les coo\u00adkies sont de petits fichiers texte qui sont enre\u00adgis\u00adtr\u00e9s dans le navi\u00adga\u00adteur Inter\u00adnet ou par le navi\u00adga\u00adteur Inter\u00adnet sur le sys\u00adt\u00e8me infor\u00adma\u00adtique d\u2019un uti\u00adli\u00adsa\u00adteur. Lors\u00adqu\u2019un uti\u00adli\u00adsa\u00adteur con\u00adsulte un site web, un coo\u00adkie peut \u00eatre enre\u00adgis\u00adtr\u00e9 sur le sys\u00adt\u00e8me d\u2019ex\u00adplo\u00adita\u00adtion de l\u2019uti\u00adli\u00adsa\u00adteur. Ce coo\u00adkie con\u00adti\u00adent une cha\u00eene de carac\u00adt\u00e8res carac\u00adt\u00e9\u00adris\u00adtique qui per\u00admet d\u2019i\u00adden\u00adti\u00adfier le navi\u00adga\u00adteur de mani\u00e8re uni\u00advo\u00adque lors\u00adque le site web est con\u00adsult\u00e9 \u00e0 nou\u00adveau.<br>\nLes coo\u00adkies sont stock\u00e9s sur votre ordi\u00adna\u00adteur. Par con\u00ads\u00e9\u00adquent, vous avez un con\u00adtr\u00f4le total sur l\u2019uti\u00adli\u00adsa\u00adtion des coo\u00adkies. En s\u00e9lec\u00adtion\u00adnant les param\u00e8\u00adtres tech\u00adni\u00adques appro\u00adpri\u00e9s dans votre navi\u00adga\u00adteur Inter\u00adnet, vous pou\u00advez \u00eatre averti avant l\u2019in\u00adstal\u00adla\u00adtion de coo\u00adkies et d\u00e9ci\u00adder de les accep\u00adter ou non, ainsi que d\u2019emp\u00eacher leur enre\u00adgis\u00adtre\u00adment et la trans\u00admis\u00adsion des don\u00adn\u00e9es qu\u2019ils con\u00adti\u00aden\u00adnent. Les coo\u00adkies d\u00e9j\u00e0 enre\u00adgis\u00adtr\u00e9s peu\u00advent \u00eatre sup\u00adp\u00adri\u00adm\u00e9s \u00e0 tout moment. Nous atti\u00adrons tou\u00adte\u00adfois votre atten\u00adtion sur le fait que vous ne pour\u00adrez alors peut-\u00eatre pas uti\u00adli\u00adser tou\u00adtes les fon\u00adc\u00adtions de ce site web dans leur int\u00e9\u00adgra\u00adlit\u00e9.<\/p>\n<p><strong>Coo\u00adkies tech\u00adni\u00adquement n\u00e9ces\u00adsaires<\/strong><\/p>\n<p>Sauf indi\u00adca\u00adtion con\u00adtraire dans la d\u00e9cla\u00adra\u00adtion de pro\u00adtec\u00adtion des don\u00adn\u00e9es ci-des\u00ad\u00adsous, nous n\u2019uti\u00adli\u00adsons que ces coo\u00adkies tech\u00adni\u00adquement n\u00e9ces\u00adsaires dans le but de rendre notre offre plus con\u00advi\u00adviale, plus effi\u00adcace et plus s\u00fbre. En outre, les coo\u00adkies per\u00admet\u00adtent \u00e0 nos sys\u00adt\u00e8\u00admes de recon\u00adna\u00eetre votre navi\u00adga\u00adteur m\u00eame apr\u00e8s un chan\u00adge\u00adment de page et de vous pro\u00adpo\u00adser des ser\u00advices. Cer\u00adtai\u00adnes fon\u00adc\u00adtions de notre site Inter\u00adnet ne peu\u00advent pas \u00eatre pro\u00adpo\u00ads\u00e9es sans l\u2019uti\u00adli\u00adsa\u00adtion de coo\u00adkies. Pour ces der\u00adniers, il est n\u00e9ces\u00adsaire que le navi\u00adga\u00adteur soit reconnu m\u00eame apr\u00e8s un chan\u00adge\u00adment de page.<br>\nL\u2019uti\u00adli\u00adsa\u00adtion de coo\u00adkies ou de tech\u00adno\u00adlo\u00adgies com\u00adpa\u00adra\u00adbles s\u2019ef\u00adfec\u00adtue sur la base du \u00a7 15 al. 3 P. 1 DE LA LOI SUR LES T\u00c9L\u00c9M\u00c9DIAS. Le trai\u00adte\u00adment de vos don\u00adn\u00e9es per\u00adson\u00adnel\u00adles s\u2019ef\u00adfec\u00adtue sur la base de l\u2019art. 6 al. 1 p. 1 lit. f du RGPD en rai\u00adson de notre int\u00e9\u00adr\u00eat l\u00e9gitime pr\u00e9pon\u00add\u00e9\u00adrant \u00e0 garan\u00adtir une fon\u00adc\u00adtion\u00adna\u00adlit\u00e9 opti\u00admale du site web ainsi qu\u2019une con\u00adcep\u00adtion con\u00advi\u00adviale et effi\u00adcace de notre offre.<br>\nVous avez le droit de vous oppo\u00adser \u00e0 tout moment, pour des rai\u00adsons ten\u00adant \u00e0 votre situa\u00adtion par\u00adti\u00adcu\u00adli\u00e8re, \u00e0 ces trai\u00adte\u00adments de don\u00adn\u00e9es \u00e0 carac\u00adt\u00e8re per\u00adson\u00adnel vous con\u00adcer\u00adnant.<br>\nVous trou\u00adverez un aper\u00e7u des coo\u00adkies uti\u00adli\u00ads\u00e9s sous Param\u00e8\u00adtres de con\u00adfi\u00adden\u00adtia\u00adlit\u00e9 \u2013 Coo\u00adkies.<\/p>\n<p><strong>9) Droits des per\u00adson\u00adnes con\u00adcer\u00adn\u00e9es et dur\u00e9e de con\u00adser\u00adva\u00adtion<\/strong><\/p>\n<p><strong>Dur\u00e9e de con\u00adser\u00adva\u00adtion<\/strong><\/p>\n<p>Apr\u00e8s l\u2019ex\u00e9\u00adcu\u00adtion com\u00adpl\u00e8te du cont\u00adrat, les don\u00adn\u00e9es sont d\u2019a\u00adbord stock\u00e9es pen\u00addant la dur\u00e9e de la garan\u00adtie, puis en ten\u00adant compte des d\u00e9lais de con\u00adser\u00adva\u00adtion l\u00e9gaux, en par\u00adti\u00adcu\u00adlier fis\u00adcaux et com\u00admer\u00adciaux, avant d\u2019\u00eatre sup\u00adp\u00adri\u00adm\u00e9es \u00e0 l\u2019ex\u00adpi\u00adra\u00adtion du d\u00e9lai, \u00e0 moins que vous n\u2019ayez con\u00adsenti \u00e0 un trai\u00adte\u00adment et \u00e0 une uti\u00adli\u00adsa\u00adtion plus pous\u00ads\u00e9s.<\/p>\n<p><strong>Droits de la per\u00adsonne con\u00adcer\u00adn\u00e9e<\/strong><\/p>\n<p>Si les con\u00addi\u00adti\u00adons l\u00e9ga\u00adles sont rem\u00adplies, vous dis\u00adpo\u00adsez des droits sui\u00advants en vertu des artic\u00adles 15 \u00e0 20 du RGPD : droit \u00e0 l\u2019in\u00adfor\u00adma\u00adtion, \u00e0 la rec\u00adti\u00adfi\u00adca\u00adtion, \u00e0 l\u2019ef\u00adfa\u00adce\u00adment, \u00e0 la limi\u00adta\u00adtion du trai\u00adte\u00adment, \u00e0 la por\u00adta\u00adbi\u00adlit\u00e9 des don\u00adn\u00e9es.<br>\nEn outre, en vertu de l\u2019ar\u00adticle 21, para\u00adgra\u00adphe 1, de la direc\u00adtive, vous avez le droit de vous oppo\u00adser \u00e0 l\u2019uti\u00adli\u00adsa\u00adtion de ces don\u00adn\u00e9es. 1 du RGPD, un droit d\u2019op\u00adpo\u00adsi\u00adtion aux trai\u00adte\u00adments fon\u00add\u00e9s sur l\u2019ar\u00adticle 6, para\u00adgra\u00adphe 1, du RGPD. 1 p. 1 lit. f du RGPD, ainsi que contre le trai\u00adte\u00adment \u00e0 des fins de publi\u00adcit\u00e9 directe.<\/p>\n<p><strong>Droit de recours aupr\u00e8s de l\u2019au\u00adto\u00adrit\u00e9 de sur\u00adveil\u00adlance<\/strong><\/p>\n<p>Con\u00adfor\u00adm\u00e9\u00adment \u00e0 l\u2019ar\u00adticle 77 du RGPD, vous avez le droit de d\u00e9po\u00adser une plainte aupr\u00e8s de l\u2019au\u00adto\u00adrit\u00e9 de con\u00adtr\u00f4le si vous esti\u00admez que le trai\u00adte\u00adment de vos don\u00adn\u00e9es per\u00adson\u00adnel\u00adles n\u2019est pas l\u00e9gal.<\/p>\n<p><strong>Droit d\u2019op\u00adpo\u00adsi\u00adtion<\/strong><\/p>\n<p>Si les trai\u00adte\u00adments de don\u00adn\u00e9es per\u00adson\u00adnel\u00adles men\u00adti\u00adonn\u00e9s ici repo\u00adsent sur notre int\u00e9\u00adr\u00eat l\u00e9gitime con\u00adfor\u00adm\u00e9\u00adment \u00e0 l\u2019art. 6, al. 1 lit. f du RGPD, vous avez le droit de vous oppo\u00adser \u00e0 tout moment, pour des rai\u00adsons ten\u00adant \u00e0 votre situa\u00adtion par\u00adti\u00adcu\u00adli\u00e8re, \u00e0 ces trai\u00adte\u00adments avec effet pour l\u2019a\u00adve\u00adnir.<br>\nUne fois l\u2019op\u00adpo\u00adsi\u00adtion for\u00admul\u00e9e, le trai\u00adte\u00adment des don\u00adn\u00e9es con\u00adcer\u00adn\u00e9es est inter\u00adrompu, \u00e0 moins que nous puis\u00adsi\u00adons d\u00e9mon\u00adtrer qu\u2019il existe des motifs l\u00e9giti\u00admes et imp\u00e9\u00adrieux pour le trai\u00adte\u00adment qui pr\u00e9\u00adva\u00adlent sur vos int\u00e9\u00adr\u00eats, vos droits et vos liber\u00adt\u00e9s, ou si le trai\u00adte\u00adment sert \u00e0 faire valoir, \u00e0 exer\u00adcer ou \u00e0 d\u00e9fendre des droits en jus\u00adtice.<br>\nSi le trai\u00adte\u00adment des don\u00adn\u00e9es \u00e0 carac\u00adt\u00e8re per\u00adson\u00adnel est effec\u00adtu\u00e9 \u00e0 des fins de publi\u00adcit\u00e9 directe, vous pou\u00advez vous oppo\u00adser \u00e0 tout moment \u00e0 ce trai\u00adte\u00adment en nous en infor\u00admant. Une fois l\u2019op\u00adpo\u00adsi\u00adtion for\u00admul\u00e9e, nous met\u00adtons fin au trai\u00adte\u00adment des don\u00adn\u00e9es con\u00adcer\u00adn\u00e9es \u00e0 des fins de publi\u00adcit\u00e9 directe.<\/p>\n<p><strong>10. etra\u00adcker<\/strong><\/p>\n<p>Nous uti\u00adli\u00adsons etra\u00adcker \u00e0 des fins d\u2019ana\u00adlyse. Cet outil d\u2019ana\u00adlyse web est pro\u00adpos\u00e9 par la soci\u00e9t\u00e9 etra\u00adcker GmbH, Erste Brun\u00adnen\u00adstra\u00dfe 1, 20459 Ham\u00adbourg. Par d\u00e9faut, nous n\u2019uti\u00adli\u00adsons pas de coo\u00adkies pour l\u2019ana\u00adlyse web. Les coo\u00adkies per\u00admet\u00adtant d\u2019\u00e9\u00adta\u00adb\u00adlir des pro\u00adfils d\u2019uti\u00adli\u00adsa\u00adteurs pseud\u00adony\u00admi\u00ads\u00e9s ne sont enre\u00adgis\u00adtr\u00e9s qu\u2019a\u00adpr\u00e8s un con\u00adsen\u00adte\u00adment expli\u00adcite. Une iden\u00adti\u00adfi\u00adca\u00adtion per\u00adson\u00adnelle n\u2019est pas pos\u00adsi\u00adble. Les don\u00adn\u00e9es coll\u00adec\u00adt\u00e9es ne sont pas non plus com\u00adbi\u00adn\u00e9es avec d\u2019au\u00adt\u00adres don\u00adn\u00e9es pour vous iden\u00adti\u00adfier.<br>\nNous avons con\u00adclu un cont\u00adrat de trai\u00adte\u00adment des com\u00adman\u00addes avec etra\u00adcker. Les don\u00adn\u00e9es coll\u00adec\u00adt\u00e9es sont trai\u00adt\u00e9es exclu\u00adsi\u00adve\u00adment en Alle\u00adma\u00adgne. Le trai\u00adte\u00adment des don\u00adn\u00e9es est donc sou\u00admis au RGPD. De plus, etra\u00adcker est cer\u00adti\u00adfi\u00e9 en ce qui con\u00adcerne la pro\u00adtec\u00adtion des don\u00adn\u00e9es. Pour plus d\u2019in\u00adfor\u00adma\u00adti\u00adons sur le trai\u00adte\u00adment des don\u00adn\u00e9es, veuil\u00adlez con\u00adsul\u00adter le site https:\/\/www.etracker.com\/datenschutz\/.<br>\nNotre int\u00e9\u00adr\u00eat dans l\u2019uti\u00adli\u00adsa\u00adtion d\u2019e\u00adtra\u00adcker est l\u2019op\u00adti\u00admi\u00adsa\u00adtion de notre offre web. Le trai\u00adte\u00adment des don\u00adn\u00e9es est effec\u00adtu\u00e9 con\u00adfor\u00adm\u00e9\u00adment \u00e0 l\u2019art. 6, al. 1 p. 1 lit. f du RGPD sur la base d\u2019un int\u00e9\u00adr\u00eat l\u00e9gitime. Si un con\u00adsen\u00adte\u00adment au trai\u00adte\u00adment des don\u00adn\u00e9es est n\u00e9ces\u00adsaire, le trai\u00adte\u00adment est effec\u00adtu\u00e9 con\u00adfor\u00adm\u00e9\u00adment \u00e0 l\u2019art. 6, al. 1 p. 1 lit. a. et l\u2019ar\u00adticle 7 du RGPD.<\/p>\n<p><strong>11. shop\u00adware<\/strong><\/p>\n<p>Pour l\u2019ex\u00adplo\u00adita\u00adtion de notre bou\u00adtique en ligne, nous uti\u00adli\u00adsons le sys\u00adt\u00e8me de bou\u00adtique Shop\u00adware du four\u00adnis\u00adseur shop\u00adware AG, Ebbing\u00adhoff 10, 48624 Sch\u00f6p\u00adpin\u00adgen.<br>\nNous avons con\u00adclu un cont\u00adrat de trai\u00adte\u00adment des com\u00adman\u00addes avec Shop\u00adware. Les don\u00adn\u00e9es sai\u00adsies dans la bou\u00adtique sont trans\u00admi\u00adses \u00e0 Shop\u00adware. La trans\u00admis\u00adsion a lieu dans le cadre de l\u2019ex\u00e9\u00adcu\u00adtion du cont\u00adrat con\u00adfor\u00adm\u00e9\u00adment \u00e0 l\u2019art. 6 al. 1 p. 1 lit. b du RGPD.<br>\nVous trou\u00adverez plus d\u2019in\u00adfor\u00adma\u00adti\u00adons sur le trai\u00adte\u00adment des don\u00adn\u00e9es par Shop\u00adware sur https:\/\/www.shopware.com\/de\/datenschutz<\/p>\n<p><strong>12. ges\u00adti\u00adon\u00adn\u00adaire de con\u00adsen\u00adte\u00adment<\/strong><\/p>\n<p>Nous avons int\u00e9\u00adgr\u00e9 l\u2019ou\u00adtil de ges\u00adtion du con\u00adsen\u00adte\u00adment con\u00adsent\u00adma\u00adna\u00adger (www.consentmanager.net) de con\u00adsent\u00adma\u00adna\u00adger AB (H\u00e5lt\u00adgel\u00adv\u00e5\u00adgen 1b, 72348 V\u00e4s\u00adter\u00e5s, Su\u00e8de, info@consentmanager.net) sur notre site web afin de deman\u00adder les con\u00adsen\u00adte\u00adments pour le trai\u00adte\u00adment des don\u00adn\u00e9es ou l\u2019uti\u00adli\u00adsa\u00adtion de coo\u00adkies ou de fon\u00adc\u00adtions com\u00adpa\u00adra\u00adbles. Vous avez la pos\u00adsi\u00adbi\u00adlit\u00e9, \u00e0 l\u2019aide de con\u00adsent\u00adma\u00adna\u00adger, de don\u00adner ou de refu\u00adser votre accord pour cer\u00adtai\u00adnes fon\u00adc\u00adtion\u00adna\u00adli\u00adt\u00e9s de notre site web, par exemple \u00e0 des fins d\u2019in\u00adt\u00e9\u00adgra\u00adtion d\u2019\u00e9\u00adl\u00e9\u00adments exter\u00adnes, d\u2019in\u00adt\u00e9\u00adgra\u00adtion de con\u00adte\u00adnus en strea\u00adming, d\u2019ana\u00adlyse sta\u00adtis\u00adtique, de mesure d\u2019au\u00addi\u00adence et de publi\u00adcit\u00e9 per\u00adson\u00adna\u00adli\u00ads\u00e9e. Vous pou\u00advez, par l\u2019in\u00adter\u00adm\u00e9\u00addi\u00adaire de con\u00adsent\u00adma\u00adna\u00adger, don\u00adner ou refu\u00adser votre con\u00adsen\u00adte\u00adment pour l\u2019en\u00adsem\u00adble des fon\u00adc\u00adtions ou don\u00adner votre con\u00adsen\u00adte\u00adment \u00e0 des fins par\u00adti\u00adcu\u00adli\u00e8\u00adres ou pour des fon\u00adc\u00adtions par\u00adti\u00adcu\u00adli\u00e8\u00adres. Les r\u00e9g\u00adla\u00adges que vous avez effec\u00adtu\u00e9s peu\u00advent \u00e9ga\u00adle\u00adment \u00eatre modi\u00adfi\u00e9s par vos soins ult\u00e9\u00adri\u00adeu\u00adre\u00adment. L\u2019ob\u00adjec\u00adtif de l\u2019in\u00adt\u00e9\u00adgra\u00adtion de con\u00adsent\u00adma\u00adna\u00adger est de lais\u00adser aux uti\u00adli\u00adsa\u00adteurs de notre site web le soin de d\u00e9ci\u00adder des cho\u00adses sus\u00adment\u00adi\u00adonn\u00e9es et, dans le cadre de l\u2019uti\u00adli\u00adsa\u00adtion ult\u00e9\u00adri\u00adeure de notre site web, de leur offrir la pos\u00adsi\u00adbi\u00adlit\u00e9 de modi\u00adfier les r\u00e9g\u00adla\u00adges d\u00e9j\u00e0 effec\u00adtu\u00e9s. Lors de l\u2019uti\u00adli\u00adsa\u00adtion de con\u00adsent\u00adma\u00adna\u00adger, des don\u00adn\u00e9es per\u00adson\u00adnel\u00adles ainsi que des infor\u00adma\u00adti\u00adons sur les ter\u00adminaux uti\u00adli\u00ads\u00e9s sont trai\u00adt\u00e9es (adresse IP, lan\u00adgue, navi\u00adga\u00adteur, etc.) et trans\u00admi\u00adses \u00e0 con\u00adsent\u00adma\u00adna\u00adger AB. Les infor\u00adma\u00adti\u00adons sur les r\u00e9g\u00adla\u00adges que vous avez effec\u00adtu\u00e9s sont en outre enre\u00adgis\u00adtr\u00e9es dans votre ter\u00admi\u00adnal.<br>\nLa base juri\u00addi\u00adque de ce trai\u00adte\u00adment est l\u2019art. 6, al. 1 p. 1 lit. c RGPD en liai\u00adson avec l\u2019art. 7, al. 1 RGPD, dans la mesure o\u00f9 le trai\u00adte\u00adment sert \u00e0 rem\u00adplir les obli\u00adga\u00adti\u00adons de preuve nor\u00adma\u00adli\u00ads\u00e9es par la loi pour l\u2019oc\u00adtroi d\u2019un con\u00adsen\u00adte\u00adment. Par ail\u00adleurs, l\u2019art. 6 al. 1 p. 1 lit. f du RGPD con\u00adsti\u00adtue la base juri\u00addi\u00adque per\u00adti\u00adnente. Nos int\u00e9\u00adr\u00eats l\u00e9giti\u00admes dans le trai\u00adte\u00adment r\u00e9si\u00addent dans l\u2019en\u00adre\u00adgis\u00adtre\u00adment des param\u00e8\u00adtres et des pr\u00e9\u00adf\u00e9\u00adren\u00adces des uti\u00adli\u00adsa\u00adteurs en ce qui con\u00adcerne l\u2019uti\u00adli\u00adsa\u00adtion de coo\u00adkies et l\u2019\u00e9va\u00adlua\u00adtion des taux de con\u00adsen\u00adte\u00adment. Une nou\u00advelle demande de con\u00adsen\u00adte\u00adment est effec\u00adtu\u00e9e au plus tard 24 mois apr\u00e8s les r\u00e9g\u00adla\u00adges de l\u2019uti\u00adli\u00adsa\u00adteur. Les pr\u00e9\u00adf\u00e9\u00adren\u00adces de l\u2019uti\u00adli\u00adsa\u00adteur sont alors \u00e0 nou\u00adveau enre\u00adgis\u00adtr\u00e9es pour cette p\u00e9ri\u00adode, \u00e0 moins que vous ne sup\u00adp\u00adri\u00admiez vous-m\u00eame aupa\u00adra\u00advant les infor\u00adma\u00adti\u00adons rela\u00adti\u00adves \u00e0 vos pr\u00e9\u00adf\u00e9\u00adren\u00adces d\u2019uti\u00adli\u00adsa\u00adteur dans les capa\u00adci\u00adt\u00e9s du ter\u00admi\u00adnal pr\u00e9\u00advues \u00e0 cet effet.<\/p>\n<p><strong>13. Ama\u00adzon Mar\u00adket\u00adplace<\/strong><\/p>\n<p>Nous ven\u00addons \u00e9ga\u00adle\u00adment nos pro\u00adduits via la pla\u00adte\u00adforme de vente Ama\u00adzon. Par la pr\u00e9\u00adsente, nous vous infor\u00admons du trai\u00adte\u00adment des don\u00adn\u00e9es \u00e0 carac\u00adt\u00e8re per\u00adson\u00adnel dans ce con\u00adtexte. Vous trou\u00adverez des infor\u00adma\u00adti\u00adons sur le trai\u00adte\u00adment des don\u00adn\u00e9es direc\u00adte\u00adment par Ama\u00adzon sur le site https:\/\/www.amazon.de\/gp\/help\/customer\/display.html.<br>\nLors d\u2019un achat via la pla\u00adte\u00adforme de vente Ama\u00adzon, vous nous trans\u00admet\u00adtez des don\u00adn\u00e9es dont nous avons besoin pour l\u2019ex\u00e9\u00adcu\u00adtion du cont\u00adrat. Le trai\u00adte\u00adment et la trans\u00admis\u00adsion<br>\nvous avez d\u00e9j\u00e0 accept\u00e9 lors de votre inscrip\u00adtion sur Ama\u00adzon. Nous ne coll\u00adec\u00adtons pas d\u2019au\u00adt\u00adres don\u00adn\u00e9es per\u00adson\u00adnel\u00adles.<br>\nNous uti\u00adli\u00adsons ces don\u00adn\u00e9es aux fins sui\u00advan\u00adtes :<br>\n-<br>\nIden\u00adti\u00adfi\u00adca\u00adtion en tant que cli\u00adent<br>\n-<br>\nTrai\u00adte\u00adment des com\u00adman\u00addes<br>\n-<br>\nCor\u00adre\u00adspond\u00adance<br>\n-<br>\nFac\u00adtu\u00adra\u00adtion<br>\n-<br>\nLe cas \u00e9ch\u00e9\u00adant, trai\u00adte\u00adment des deman\u00addes de responsa\u00adbi\u00adlit\u00e9, reven\u00addica\u00adtion des droits \u00e9ven\u00adtuels<br>\nLe trai\u00adte\u00adment des don\u00adn\u00e9es est effec\u00adtu\u00e9 con\u00adfor\u00adm\u00e9\u00adment \u00e0 l\u2019art. 6, al. 1 p. 1 lit. b du RGPD, c\u2019est-\u00e0-dire pour rem\u00adplir les obli\u00adga\u00adti\u00adons des deux par\u00adties d\u00e9cou\u00adlant du cont\u00adrat de vente. Un trai\u00adte\u00adment allant au-del\u00e0 est effec\u00adtu\u00e9 sur la base de l\u2019art. 6 al. 1 p. 1 lit. a. RGPD, c\u2019est-\u00e0-dire sur la base de votre con\u00adsen\u00adte\u00adment chez Ama\u00adzon.<\/p>\n<p><strong>14. Ebay<\/strong><\/p>\n<p>Nous pro\u00adpo\u00adsons nos pro\u00adduits sur la pla\u00adte\u00adforme de vente eBay. Vous trou\u00adverez des infor\u00adma\u00adti\u00adons sur le trai\u00adte\u00adment des don\u00adn\u00e9es du presta\u00adtaire de ser\u00advices de vente sur le site https:\/\/www.ebay.de\/help\/policies\/member-behaviour-policies\/user-privacy-notice-privacy-policy?id=4260. Lors de votre inscrip\u00adtion sur eBay, vous serez inform\u00e9(e) de leur trai\u00adte\u00adment des don\u00adn\u00e9es. En outre, un con\u00adsen\u00adte\u00adment au trai\u00adte\u00adment et \u00e0 la trans\u00admis\u00adsion des don\u00adn\u00e9es est donn\u00e9 lors de l\u2019en\u00adre\u00adgis\u00adtre\u00adment ou de la com\u00admande.<br>\nLes don\u00adn\u00e9es qui nous sont trans\u00admi\u00adses par eBay sont uti\u00adli\u00ads\u00e9es par nous aux fins sui\u00advan\u00adtes :<br>\n-<br>\nIden\u00adti\u00adfi\u00adca\u00adtion en tant que cli\u00adent<br>\n-<br>\nTrai\u00adte\u00adment des com\u00adman\u00addes<br>\n-<br>\nCor\u00adre\u00adspond\u00adance<br>\n-<br>\nFac\u00adtu\u00adra\u00adtion<br>\n-<br>\nLe cas \u00e9ch\u00e9\u00adant, trai\u00adte\u00adment des deman\u00addes de responsa\u00adbi\u00adlit\u00e9, reven\u00addica\u00adtion des droits \u00e9ven\u00adtuels<br>\nLe trai\u00adte\u00adment des don\u00adn\u00e9es est effec\u00adtu\u00e9 con\u00adfor\u00adm\u00e9\u00adment \u00e0 l\u2019art. 6, al. 1 p. 1 lit. b du RGPD, c\u2019est-\u00e0-dire pour rem\u00adplir les obli\u00adga\u00adti\u00adons des deux par\u00adties d\u00e9cou\u00adlant du cont\u00adrat de vente. Un trai\u00adte\u00adment allant au-del\u00e0 est effec\u00adtu\u00e9 sur la base de l\u2019art. 6 al. 1 p. 1 lit. a RGPD, c\u2019est-\u00e0-dire sur la base de votre con\u00adsen\u00adte\u00adment chez eBay.<\/p>\n<p>La Com\u00admis\u00adsion f\u00e9d\u00e9\u00adrale pour la pro\u00adtec\u00adtion des don\u00adn\u00e9es et la libert\u00e9 d\u2019in\u00adfor\u00adma\u00adtion du Bade-Wur\u00adt\u00ade\u00adm\u00ad\u00adberg. <\/p>\n<\/div><\/div><\/div><\/div><\/div><\/div><\/div><\/section>\n","protected":false},"excerpt":{"rendered":"D\u00e9cla\u00adra\u00adtion de con\u00adfi\u00adden\u00adtia\u00adlit\u00e9 Responsable au sens du RGPD : M\u00fcnz\u00adin\u00adger + Frie\u00adser Hol\u00adding GmbH Olgastr. 14\u201326 D\u201172770 Reut\u00adlin\u00adgen T\u00e9l\u00e9\u00adphone : +49 7121\/9596\u20130 T\u00e9l\u00e9\u00adco\u00adpieur : +49 7121\/9596\u201318 Cour\u00adrier \u00e9lec\u00adtro\u00adni\u00adque : info@muenzinger.de Inter\u00adnet : www.muenzinger.de Direc\u00adteur g\u00e9n\u00e9\u00adral : Uwe M\u00fcnz\u00adin\u00adger Con\u00adfor\u00adm\u00e9\u00adment aux artic\u00adles 37 \u2013 39 du RGPD \/ \u00a7 38 de la loi f\u00e9d\u00e9\u00adrale sur la\u2026","protected":false},"author":6,"featured_media":0,"parent":0,"menu_order":0,"comment_status":"closed","ping_status":"closed","template":"","meta":{"wp_typography_post_enhancements_disabled":false,"footnotes":"","_links_to":"","_links_to_target":""},"class_list":["post-62742","page","type-page","status-publish","hentry"],"yoast_head":"<!-- This site is optimized with the Yoast SEO plugin v27.3 - https:\/\/yoast.com\/product\/yoast-seo-wordpress\/ -->\n<title>Protection des donn\u00e9es - M\u00fcnzinger + Frieser Holding GmbH \/ Adhesive D\u00e4mmsysteme GmbH<\/title>\n<meta name=\"robots\" content=\"index, follow, max-snippet:-1, max-image-preview:large, max-video-preview:-1\" \/>\n<link rel=\"canonical\" href=\"https:\/\/muenzinger.eu\/fr\/protection-des-donnees-2\/\" \/>\n<meta property=\"og:locale\" content=\"fr_FR\" \/>\n<meta property=\"og:type\" content=\"article\" \/>\n<meta property=\"og:title\" content=\"Protection des donn\u00e9es - M\u00fcnzinger + Frieser Holding GmbH \/ Adhesive D\u00e4mmsysteme GmbH\" \/>\n<meta property=\"og:url\" content=\"https:\/\/muenzinger.eu\/fr\/protection-des-donnees-2\/\" \/>\n<meta property=\"og:site_name\" content=\"M\u00fcnzinger + Frieser Holding GmbH \/ Adhesive D\u00e4mmsysteme GmbH\" \/>\n<meta property=\"article:modified_time\" content=\"2024-04-04T09:19:15+00:00\" \/>\n<meta name=\"twitter:card\" content=\"summary_large_image\" \/>\n<meta name=\"twitter:label1\" content=\"Dur\u00e9e de lecture estim\u00e9e\" \/>\n\t<meta name=\"twitter:data1\" content=\"23 minutes\" \/>\n<script type=\"application\/ld+json\" class=\"yoast-schema-graph\">{\"@context\":\"https:\\\/\\\/schema.org\",\"@graph\":[{\"@type\":\"WebPage\",\"@id\":\"https:\\\/\\\/muenzinger.eu\\\/fr\\\/protection-des-donnees-2\\\/\",\"url\":\"https:\\\/\\\/muenzinger.eu\\\/fr\\\/protection-des-donnees-2\\\/\",\"name\":\"Protection des donn\u00e9es - M\u00fcnzinger + Frieser Holding GmbH \\\/ Adhesive D\u00e4mmsysteme GmbH\",\"isPartOf\":{\"@id\":\"https:\\\/\\\/muenzinger.eu\\\/fr\\\/#website\"},\"datePublished\":\"2023-12-28T12:23:33+00:00\",\"dateModified\":\"2024-04-04T09:19:15+00:00\",\"breadcrumb\":{\"@id\":\"https:\\\/\\\/muenzinger.eu\\\/fr\\\/protection-des-donnees-2\\\/#breadcrumb\"},\"inLanguage\":\"fr-FR\",\"potentialAction\":[{\"@type\":\"ReadAction\",\"target\":[\"https:\\\/\\\/muenzinger.eu\\\/fr\\\/protection-des-donnees-2\\\/\"]}]},{\"@type\":\"BreadcrumbList\",\"@id\":\"https:\\\/\\\/muenzinger.eu\\\/fr\\\/protection-des-donnees-2\\\/#breadcrumb\",\"itemListElement\":[{\"@type\":\"ListItem\",\"position\":1,\"name\":\"Page d'accueil\",\"item\":\"https:\\\/\\\/muenzinger.eu\\\/fr\\\/accueil\\\/\"},{\"@type\":\"ListItem\",\"position\":2,\"name\":\"Protection des donn\u00e9es\"}]},{\"@type\":\"WebSite\",\"@id\":\"https:\\\/\\\/muenzinger.eu\\\/fr\\\/#website\",\"url\":\"https:\\\/\\\/muenzinger.eu\\\/fr\\\/\",\"name\":\"M\u00fcnzinger + Frieser Holding GmbH \\\/ Adhesive D\u00e4mmsysteme GmbH\",\"description\":\"\",\"publisher\":{\"@id\":\"https:\\\/\\\/muenzinger.eu\\\/fr\\\/#organization\"},\"potentialAction\":[{\"@type\":\"SearchAction\",\"target\":{\"@type\":\"EntryPoint\",\"urlTemplate\":\"https:\\\/\\\/muenzinger.eu\\\/fr\\\/?s={search_term_string}\"},\"query-input\":{\"@type\":\"PropertyValueSpecification\",\"valueRequired\":true,\"valueName\":\"search_term_string\"}}],\"inLanguage\":\"fr-FR\"},{\"@type\":\"Organization\",\"@id\":\"https:\\\/\\\/muenzinger.eu\\\/fr\\\/#organization\",\"name\":\"M\u00fcnzinger + Frieser Holding GmbH \\\/ Adhesive D\u00e4mmsysteme GmbH\",\"url\":\"https:\\\/\\\/muenzinger.eu\\\/fr\\\/\",\"logo\":{\"@type\":\"ImageObject\",\"inLanguage\":\"fr-FR\",\"@id\":\"https:\\\/\\\/muenzinger.eu\\\/fr\\\/#\\\/schema\\\/logo\\\/image\\\/\",\"url\":\"https:\\\/\\\/muenzinger.eu\\\/wp-content\\\/uploads\\\/2022\\\/12\\\/Muenzinger-logo-01.png\",\"contentUrl\":\"https:\\\/\\\/muenzinger.eu\\\/wp-content\\\/uploads\\\/2022\\\/12\\\/Muenzinger-logo-01.png\",\"width\":580,\"height\":107,\"caption\":\"M\u00fcnzinger + Frieser Holding GmbH \\\/ Adhesive D\u00e4mmsysteme GmbH\"},\"image\":{\"@id\":\"https:\\\/\\\/muenzinger.eu\\\/fr\\\/#\\\/schema\\\/logo\\\/image\\\/\"},\"sameAs\":[\"https:\\\/\\\/www.linkedin.com\\\/company\\\/mnzinger-frieser-holding-gmbh\\\/\"]}]}<\/script>\n<!-- \/ Yoast SEO plugin. -->","yoast_head_json":{"title":"Protection des donn\u00e9es - M\u00fcnzinger + Frieser Holding GmbH \/ Adhesive D\u00e4mmsysteme GmbH","robots":{"index":"index","follow":"follow","max-snippet":"max-snippet:-1","max-image-preview":"max-image-preview:large","max-video-preview":"max-video-preview:-1"},"canonical":"https:\/\/muenzinger.eu\/fr\/protection-des-donnees-2\/","og_locale":"fr_FR","og_type":"article","og_title":"Protection des donn\u00e9es - M\u00fcnzinger + Frieser Holding GmbH \/ Adhesive D\u00e4mmsysteme GmbH","og_url":"https:\/\/muenzinger.eu\/fr\/protection-des-donnees-2\/","og_site_name":"M\u00fcnzinger + Frieser Holding GmbH \/ Adhesive D\u00e4mmsysteme GmbH","article_modified_time":"2024-04-04T09:19:15+00:00","twitter_card":"summary_large_image","twitter_misc":{"Dur\u00e9e de lecture estim\u00e9e":"23 minutes"},"schema":{"@context":"https:\/\/schema.org","@graph":[{"@type":"WebPage","@id":"https:\/\/muenzinger.eu\/fr\/protection-des-donnees-2\/","url":"https:\/\/muenzinger.eu\/fr\/protection-des-donnees-2\/","name":"Protection des donn\u00e9es - M\u00fcnzinger + Frieser Holding GmbH \/ Adhesive D\u00e4mmsysteme GmbH","isPartOf":{"@id":"https:\/\/muenzinger.eu\/fr\/#website"},"datePublished":"2023-12-28T12:23:33+00:00","dateModified":"2024-04-04T09:19:15+00:00","breadcrumb":{"@id":"https:\/\/muenzinger.eu\/fr\/protection-des-donnees-2\/#breadcrumb"},"inLanguage":"fr-FR","potentialAction":[{"@type":"ReadAction","target":["https:\/\/muenzinger.eu\/fr\/protection-des-donnees-2\/"]}]},{"@type":"BreadcrumbList","@id":"https:\/\/muenzinger.eu\/fr\/protection-des-donnees-2\/#breadcrumb","itemListElement":[{"@type":"ListItem","position":1,"name":"Page d'accueil","item":"https:\/\/muenzinger.eu\/fr\/accueil\/"},{"@type":"ListItem","position":2,"name":"Protection des donn\u00e9es"}]},{"@type":"WebSite","@id":"https:\/\/muenzinger.eu\/fr\/#website","url":"https:\/\/muenzinger.eu\/fr\/","name":"M\u00fcnzinger + Frieser Holding GmbH \/ Adhesive D\u00e4mmsysteme GmbH","description":"","publisher":{"@id":"https:\/\/muenzinger.eu\/fr\/#organization"},"potentialAction":[{"@type":"SearchAction","target":{"@type":"EntryPoint","urlTemplate":"https:\/\/muenzinger.eu\/fr\/?s={search_term_string}"},"query-input":{"@type":"PropertyValueSpecification","valueRequired":true,"valueName":"search_term_string"}}],"inLanguage":"fr-FR"},{"@type":"Organization","@id":"https:\/\/muenzinger.eu\/fr\/#organization","name":"M\u00fcnzinger + Frieser Holding GmbH \/ Adhesive D\u00e4mmsysteme GmbH","url":"https:\/\/muenzinger.eu\/fr\/","logo":{"@type":"ImageObject","inLanguage":"fr-FR","@id":"https:\/\/muenzinger.eu\/fr\/#\/schema\/logo\/image\/","url":"https:\/\/muenzinger.eu\/wp-content\/uploads\/2022\/12\/Muenzinger-logo-01.png","contentUrl":"https:\/\/muenzinger.eu\/wp-content\/uploads\/2022\/12\/Muenzinger-logo-01.png","width":580,"height":107,"caption":"M\u00fcnzinger + Frieser Holding GmbH \/ Adhesive D\u00e4mmsysteme GmbH"},"image":{"@id":"https:\/\/muenzinger.eu\/fr\/#\/schema\/logo\/image\/"},"sameAs":["https:\/\/www.linkedin.com\/company\/mnzinger-frieser-holding-gmbh\/"]}]}},"_links":{"self":[{"href":"https:\/\/muenzinger.eu\/fr\/wp-json\/wp\/v2\/pages\/62742","targetHints":{"allow":["GET"]}}],"collection":[{"href":"https:\/\/muenzinger.eu\/fr\/wp-json\/wp\/v2\/pages"}],"about":[{"href":"https:\/\/muenzinger.eu\/fr\/wp-json\/wp\/v2\/types\/page"}],"author":[{"embeddable":true,"href":"https:\/\/muenzinger.eu\/fr\/wp-json\/wp\/v2\/users\/6"}],"replies":[{"embeddable":true,"href":"https:\/\/muenzinger.eu\/fr\/wp-json\/wp\/v2\/comments?post=62742"}],"version-history":[{"count":0,"href":"https:\/\/muenzinger.eu\/fr\/wp-json\/wp\/v2\/pages\/62742\/revisions"}],"wp:attachment":[{"href":"https:\/\/muenzinger.eu\/fr\/wp-json\/wp\/v2\/media?parent=62742"}],"curies":[{"name":"wp","href":"https:\/\/api.w.org\/{rel}","templated":true}]}}