{"id":62743,"date":"2023-12-28T13:23:33","date_gmt":"2023-12-28T12:23:33","guid":{"rendered":"https:\/\/muenzinger.eu\/proteccion-de-datos-3\/"},"modified":"2024-01-25T16:17:59","modified_gmt":"2024-01-25T15:17:59","slug":"proteccion-de-datos-3","status":"publish","type":"page","link":"https:\/\/muenzinger.eu\/es\/proteccion-de-datos-3\/","title":{"rendered":"Protecci\u00f3n de datos"},"content":{"rendered":"<h1>Pol\u00edtica de privacidad<\/h1>\n<p><strong>Responsable en el sent\u00adido del GDPR es:<\/strong><\/p>\n<p>M\u00fcnz\u00adin\u00adger + Frie\u00adser Hol\u00adding GmbH<br>\nOlgastr. 14\u201326<br>\nD\u201172770 Reut\u00adlin\u00adgen<\/p>\n<p>Tel\u00e9\u00adfono: +49 7121\/9596\u20130<br>\nFax: +49 7121\/9596\u201318<br>\nCor\u00adreo elec\u00adtr\u00f3\u00adnico: info@muenzinger.de<br>\nInter\u00adnet: www.muenzinger.de<br>\nDirec\u00adtor Gene\u00adral: Uwe M\u00fcnz\u00adin\u00adger<\/p>\n<p>De con\u00adfor\u00admi\u00addad con el art. 37 \u2013 39 GDPR \/ \u00a7 38 BDSG, hemos nomb\u00adrado a un responsable externo de la pro\u00adtecci\u00f3n de datos (RPD):<\/p>\n<p>Tabea Knabe, Cor\u00adreo elec\u00adtr\u00f3\u00adnico: datenschutz@muenzinger.de<\/p>\n<p>A menos que se indi\u00adque lo con\u00adtra\u00adrio a con\u00adti\u00adnu\u00adaci\u00f3n, el sum\u00adi\u00adnis\u00adtro de sus datos per\u00adso\u00adna\u00adles no es obli\u00adga\u00adto\u00adrio por ley o por cont\u00adrato ni nece\u00adsa\u00adrio para la cele\u00adbra\u00adci\u00f3n de un cont\u00adrato. No est\u00e1 obli\u00adgado a faci\u00adli\u00adtar los datos. La no presta\u00adci\u00f3n no tiene con\u00adse\u00adcuen\u00adcias. Esto s\u00f3lo se aplica si no se faci\u00adlita ninguna otra infor\u00admaci\u00f3n en las ope\u00adra\u00adcio\u00adnes de tra\u00adta\u00admi\u00adento pos\u00adte\u00adrio\u00adres.<\/p>\n<p>Los datos per\u00adso\u00adna\u00adles son cual\u00adquier infor\u00admaci\u00f3n rela\u00adtiva a una per\u00adsona f\u00edsica iden\u00adti\u00adfi\u00adcada o iden\u00adti\u00adfi\u00adca\u00adble.<\/p>\n<p><strong>1. archivos de regis\u00adtro del ser\u00advi\u00addor<\/strong><\/p>\n<p>Puede visi\u00adtar nues\u00adtro sitio web sin faci\u00adli\u00adtar nin\u00adg\u00fan dato per\u00adso\u00adnal. Cada vez que accede a nues\u00adtro sitio web, su navega\u00addor de Inter\u00adnet nos trans\u00admite datos de uso a noso\u00adtros o a nues\u00adtro pro\u00adve\u00adedor de ser\u00advicios infor\u00adm\u00e1\u00adti\u00adcos y los alma\u00adcena en datos de regis\u00adtro (los deno\u00admi\u00adna\u00addos archivos de regis\u00adtro del ser\u00advi\u00addor). Estos datos alma\u00adcen\u00ada\u00addos incluyen, por ejem\u00adplo, el nombre de la p\u00e1gina a la que se ha acce\u00addido, la fecha y hora del acceso, la direcci\u00f3n IP, la can\u00adti\u00addad de datos trans\u00adfer\u00adidos y el pro\u00adve\u00adedor soli\u00adci\u00adtante. El tra\u00adta\u00admi\u00adento se lleva a cabo sobre la base del Art. 6 para. 1 lit. f GDPR sobre la base de nues\u00adtro inte\u00adr\u00e9s leg\u00ed\u00adtimo pri\u00admor\u00addial en garan\u00adti\u00adzar el fun\u00adcio\u00adna\u00admi\u00adento sin pro\u00adble\u00admas de nues\u00adtro sitio web y mejo\u00adrar nues\u00adtra oferta.<\/p>\n<p><strong>2. alo\u00adja\u00admi\u00adento<\/strong><\/p>\n<p>Uti\u00adliz\u00ada\u00admos los ser\u00advicios de Mitt\u00adwald CM Ser\u00advice GmbH &amp; Co KG, K\u00f6nigs\u00adber\u00adger Stra\u00dfe 4\u20136, 32339 Espel\u00adkamp, Ale\u00adma\u00adnia, para nues\u00adtro sitio web. Nues\u00adtro sitio web est\u00e1 alo\u00adjado en los ser\u00advi\u00addo\u00adres de Mitt\u00adwald. Todos los datos reco\u00adgi\u00addos en nues\u00adtro sitio web se pro\u00adce\u00adsan en los ser\u00advi\u00addo\u00adres de Mitt\u00adwald en Ale\u00adma\u00adnia o den\u00adtro de la UE. La base legal para el pro\u00adces\u00ada\u00admi\u00adento es nues\u00adtro inte\u00adr\u00e9s leg\u00ed\u00adtimo en la pro\u00advi\u00adsi\u00f3n segura, r\u00e1pida y efi\u00adci\u00adente de nues\u00adtro sitio web de acuerdo con el Art. 6 para. 1 lit. f GDPR. 1 p. 1 lit. f GDPR.<br>\nHemos fir\u00admado un acuerdo de tra\u00admit\u00ada\u00adci\u00f3n de pedi\u00addos con Mitt\u00adwald. Encon\u00adtrar\u00e1 m\u00e1s infor\u00admaci\u00f3n sobre la pro\u00adtecci\u00f3n de datos en Mitt\u00adwald en https:\/\/www.mittwald.de\/datenschutz.<\/p>\n<p>Tam\u00adbi\u00e9n uti\u00adliz\u00ada\u00admos los ser\u00advicios de Alfah\u00ados\u00adting GmbH, Edmund-von-Lipp\u00admann-Stra\u00dfe 13\u201315, 06112 Halle (Saale), Ale\u00adma\u00adnia, para nues\u00adtro sitio web. Nues\u00adtro sitio web est\u00e1 alo\u00adjado en los ser\u00advi\u00addo\u00adres de Alfah\u00ados\u00adting. Todos los datos reco\u00adgi\u00addos en nues\u00adtro sitio web se pro\u00adce\u00adsan en los ser\u00advi\u00addo\u00adres de Alfah\u00ados\u00adting en Ale\u00adma\u00adnia o den\u00adtro de la UE. La base legal para el pro\u00adces\u00ada\u00admi\u00adento es nues\u00adtro inte\u00adr\u00e9s leg\u00ed\u00adtimo en la pro\u00advi\u00adsi\u00f3n segura, r\u00e1pida y efi\u00adci\u00adente de nues\u00adtro sitio web de acuerdo con el Art. 6 para. 1 lit. f GDPR. 1 p. 1 lit. f GDPR.<br>\nHemos celeb\u00adrado un acuerdo de tra\u00admit\u00ada\u00adci\u00f3n de pedi\u00addos con Alfah\u00ados\u00adting. Encon\u00adtrar\u00e1 m\u00e1s infor\u00admaci\u00f3n sobre la pro\u00adtecci\u00f3n de datos de Alfah\u00ados\u00adting en https:\/\/www.alfahosting.de\/datenschutz.<\/p>\n<p><strong>3. reco\u00adgida y tra\u00adta\u00admi\u00adento al uti\u00adli\u00adzar el for\u00admu\u00adla\u00adrio de cont\u00adacto<\/strong><\/p>\n<p>Cuando uti\u00adliza el for\u00admu\u00adla\u00adrio de cont\u00adacto, s\u00f3lo reco\u00adge\u00admos sus datos per\u00adso\u00adna\u00adles (nombre, direcci\u00f3n de cor\u00adreo elec\u00adtr\u00f3\u00adnico, texto del men\u00adsaje) en la medida en que nos los faci\u00adlita. El tra\u00adta\u00admi\u00adento de datos sirve para estable\u00adcer cont\u00adacto.<br>\nSi el estable\u00adci\u00admi\u00adento de cont\u00adacto sirve para la apli\u00adca\u00adci\u00f3n de medi\u00addas pre\u00adcon\u00adtrac\u00adtua\u00adles (por ejem\u00adplo, con\u00adsulta en caso de inte\u00adr\u00e9s de com\u00adpra, pre\u00adpa\u00adra\u00adci\u00f3n de una oferta) o se refiere a un cont\u00adrato ya celeb\u00adrado entre usted y noso\u00adtros, este tra\u00adta\u00admi\u00adento de datos se lleva a cabo sobre la base del Art. 6 p\u00e1r\u00adrafo 1 lit. a GDPR. 1 p. 1 lit. b GDPR.<br>\nSi el cont\u00adacto se rea\u00adliza por otros motivos, este tra\u00adta\u00admi\u00adento de datos se lleva a cabo sobre la base del Art. 6 para. 1 p. 1 lit. f GDPR de nues\u00adtro inte\u00adr\u00e9s leg\u00ed\u00adtimo prepon\u00adder\u00adante en pro\u00adce\u00adsar y respon\u00adder a su con\u00adsulta. En este caso, usted tiene der\u00adecho, por razo\u00adnes deriva\u00addas de su situ\u00adaci\u00f3n par\u00adti\u00adcu\u00adlar, a ejer\u00adcer este der\u00adecho en cual\u00adquier momento sobre la base del Art. 6 para. 1 lit. f GDPR al tra\u00adta\u00admi\u00adento de los datos per\u00adso\u00adna\u00adles que le con\u00adcier\u00adnen.<br>\nS\u00f3lo uti\u00adli\u00adza\u00adre\u00admos su direcci\u00f3n de cor\u00adreo elec\u00adtr\u00f3\u00adnico para tra\u00admitar su con\u00adsulta. A con\u00adti\u00adnu\u00adaci\u00f3n, sus datos se eli\u00admi\u00adn\u00adar\u00e1n de con\u00adfor\u00admi\u00addad con los peri\u00adodos de con\u00adser\u00adva\u00adci\u00f3n lega\u00adles, a menos que haya dado su con\u00adsen\u00adti\u00admi\u00adento para que se sigan pro\u00adce\u00adsando y uti\u00adliz\u00adando.<\/p>\n<p><strong>4. pedi\u00addos de cuen\u00adtas de cli\u00adentes<\/strong><\/p>\n<p>Tam\u00adbi\u00e9n nece\u00adsi\u00adta\u00admos sus datos per\u00adso\u00adna\u00adles para la cele\u00adbra\u00adci\u00f3n, el cum\u00adpli\u00admi\u00adento o la rescis\u00adi\u00f3n de su contrato\/pedido\/queja. Por ejem\u00adplo<br>\n-<br>\nNombre y apell\u00adi\u00addos<br>\n-<br>\nDirecci\u00f3n de fac\u00adtur\u00ada\u00adci\u00f3n y ent\u00adrega<br>\n-<br>\nCor\u00adreo elec\u00adtr\u00f3\u00adnico<br>\n-<br>\nDatos de fac\u00adtur\u00ada\u00adci\u00f3n y pago<br>\n-<br>\nN\u00famero de tel\u00e9\u00adfono, si pro\u00adcede<\/p>\n<p><strong>Cuenta cli\u00adente<\/strong><\/p>\n<p>Cuando abre una cuenta de cli\u00adente, reco\u00adpila\u00admos sus datos per\u00adso\u00adna\u00adles en la medida espe\u00adci\u00adfi\u00adcada en la misma. La final\u00adidad del tra\u00adta\u00admi\u00adento de los datos es faci\u00adli\u00adtar su com\u00adpra y sim\u00adpli\u00adfi\u00adcar la tra\u00admit\u00ada\u00adci\u00f3n del pedido. El tra\u00adta\u00admi\u00adento se lleva a cabo sobre la base del Art. 6 para. 1 p. 1 lit. a GDPR con su con\u00adsen\u00adti\u00admi\u00adento. Puede retirar su con\u00adsen\u00adti\u00admi\u00adento en cual\u00adquier momento noti\u00adfic\u00e1n\u00addo\u00adnoslo sin que ello afecte a la lega\u00adli\u00addad del tra\u00adta\u00admi\u00adento basado en el con\u00adsen\u00adti\u00admi\u00adento antes de su reti\u00adrada. A con\u00adti\u00adnu\u00adaci\u00f3n, se eli\u00admi\u00adn\u00adar\u00e1 su cuenta de cli\u00adente.<\/p>\n<p><strong>Reco\u00adgida, tra\u00adta\u00admi\u00adento y trans\u00adfe\u00adren\u00adcia de datos per\u00adso\u00adna\u00adles para pedi\u00addos<\/strong><\/p>\n<p>Cuando rea\u00adliza un pedido, reco\u00adpila\u00admos y pro\u00adce\u00adsa\u00admos sus datos per\u00adso\u00adna\u00adles s\u00f3lo en la medida nece\u00adsa\u00adria para cum\u00adplir y pro\u00adce\u00adsar su pedido y tra\u00admitar sus con\u00adsul\u00adtas. El sum\u00adi\u00adnis\u00adtro de los datos es nece\u00adsa\u00adrio para la cele\u00adbra\u00adci\u00f3n del cont\u00adrato. De lo con\u00adtra\u00adrio, no podr\u00e1 cele\u00adbrarse nin\u00adg\u00fan cont\u00adrato. El tra\u00adta\u00admi\u00adento se lleva a cabo sobre la base del Art. 6 para. 1 p. 1 lit. b GDPR y es nece\u00adsa\u00adrio para el cum\u00adpli\u00admi\u00adento de un cont\u00adrato con usted.<br>\nSus datos se trans\u00admit\u00adir\u00e1n, por ejem\u00adplo, a las empre\u00adsas de trans\u00adporte y pro\u00adve\u00adedo\u00adres de drop\u00adship\u00adping que haya sel\u00adeccio\u00adnado, pro\u00adve\u00adedo\u00adres de ser\u00advicios de pago, pro\u00adve\u00adedo\u00adres de ser\u00advicios para la tra\u00admit\u00ada\u00adci\u00f3n de pedi\u00addos y pro\u00adve\u00adedo\u00adres de ser\u00advicios infor\u00adm\u00e1\u00adti\u00adcos. En todos los casos, cum\u00adp\u00adli\u00admos est\u00adric\u00adta\u00admente los requi\u00adsi\u00adtos lega\u00adles. El alcance de la trans\u00adfe\u00adren\u00adcia de datos se limita al m\u00ednimo.<\/p>\n<p><strong>5. publi\u00adci\u00addad<\/strong><\/p>\n<p><strong>Uti\u00adli\u00adza\u00adci\u00f3n de la direcci\u00f3n de cor\u00adreo elec\u00adtr\u00f3\u00adnico para el env\u00edo de publi\u00adci\u00addad directa<\/strong><br>\nUti\u00adliz\u00ada\u00admos su direcci\u00f3n de cor\u00adreo elec\u00adtr\u00f3\u00adnico, que hemos reci\u00adbido como parte de la venta de un pro\u00adducto o ser\u00advicio, para la trans\u00admi\u00adsi\u00f3n elec\u00adtr\u00f3\u00adnica de publi\u00adci\u00addad de nues\u00adtros pro\u00adpios bie\u00adnes o ser\u00advicios que sean simi\u00adla\u00adres a los que ya nos ha com\u00adprado, a menos que se haya opuesto a este uso. El sum\u00adi\u00adnis\u00adtro de la direcci\u00f3n de cor\u00adreo elec\u00adtr\u00f3\u00adnico es nece\u00adsa\u00adrio para la cele\u00adbra\u00adci\u00f3n del cont\u00adrato. De lo con\u00adtra\u00adrio, no podr\u00e1 cele\u00adbrarse nin\u00adg\u00fan cont\u00adrato. El tra\u00adta\u00admi\u00adento se lleva a cabo sobre la base del Art. 6 para. 1 p. 1 lit. f GDPR de nues\u00adtro inte\u00adr\u00e9s leg\u00ed\u00adtimo prepon\u00adder\u00adante en la publi\u00adci\u00addad directa. Puede opo\u00adnerse a este uso de su direcci\u00f3n de cor\u00adreo elec\u00adtr\u00f3\u00adnico en cual\u00adquier momento noti\u00adfic\u00e1n\u00addo\u00adnoslo. Encon\u00adtrar\u00e1 los datos de cont\u00adacto para ejer\u00adcer su der\u00adecho de opo\u00adsi\u00adci\u00f3n en el aviso legal. Tam\u00adbi\u00e9n puede uti\u00adli\u00adzar el enlace que figura en el cor\u00adreo elec\u00adtr\u00f3\u00adnico pro\u00admo\u00adcio\u00adnal. Esto no supone nin\u00adg\u00fan coste aparte de los cos\u00adtes de trans\u00admi\u00adsi\u00f3n seg\u00fan las tarifas b\u00e1si\u00adcas.<\/p>\n<p><strong>6. pro\u00adve\u00adedor de ser\u00advicios de pago<\/strong><\/p>\n<p><strong>Uso de Pay\u00adPal<br>\n<\/strong><br>\nTodas las trans\u00adac\u00adcio\u00adnes de Pay\u00adPal est\u00e1n suje\u00adtas a la pol\u00ed\u00adtica de pri\u00adva\u00adci\u00addad de Pay\u00adPal. Puede encon\u00adtrar\u00adlos en https:\/\/www.paypal.com\/de\/webapps\/mpp\/ua\/privacy-full<\/p>\n<p><strong>Uso de Pay\u00adPal expr\u00e9s<\/strong><\/p>\n<p>En nues\u00adtro sitio web uti\u00adliz\u00ada\u00admos el ser\u00advicio de pago Pay\u00adPal Express de Pay\u00adPal (Europe) S.\u00e0.r.l. et Cie, S.C.A. (22\u201324 Bou\u00adle\u00advard Royal L\u20112449, Luxem\u00adburgo; \u201cPay\u00adPal\u201d). La final\u00adidad del tra\u00adta\u00admi\u00adento de los datos es poder ofre\u00adcerle el pago a tra\u00adv\u00e9s del ser\u00advicio de pago Pay\u00adPal Express. Para inte\u00adgrar este ser\u00advicio de pago, es nece\u00adsa\u00adrio que Pay\u00adPal reco\u00adpile, alma\u00adcene y ana\u00adlice datos (por ejem\u00adplo, direcci\u00f3n IP, tipo de dis\u00adpo\u00adsi\u00adtivo, sis\u00adtema ope\u00adra\u00adtivo, tipo de navega\u00addor, ubi\u00adca\u00adci\u00f3n de su dis\u00adpo\u00adsi\u00adtivo) cuando usted accede al sitio web. Tam\u00adbi\u00e9n se pue\u00adden uti\u00adli\u00adzar coo\u00adkies para este fin. Las coo\u00adkies per\u00admi\u00adten reco\u00adno\u00adcer su navega\u00addor.<br>\nEl uso de coo\u00adkies o tec\u00adno\u00adlo\u00adg\u00edas com\u00adpa\u00adra\u00adbles se lleva a cabo sobre la base del \u00a7 15 p\u00e1rr. 3 P. 1 TMG. El tra\u00adta\u00admi\u00adento de sus datos per\u00adso\u00adna\u00adles se rea\u00adliza sobre la base del Art. 6 para. 1 p. 1 lit. f GDPR de nues\u00adtro inte\u00adr\u00e9s leg\u00ed\u00adtimo prepon\u00adder\u00adante en una gama de dife\u00adren\u00adtes m\u00e9to\u00addos de pago ori\u00aden\u00adtada al cli\u00adente. Tiene der\u00adecho a opo\u00adnerse en cual\u00adquier momento, por motivos rela\u00adcio\u00adna\u00addos con su situ\u00adaci\u00f3n par\u00adti\u00adcu\u00adlar, al tra\u00adta\u00admi\u00adento de los datos per\u00adso\u00adna\u00adles que le con\u00adcier\u00adnen.<br>\nAl sel\u00adeccio\u00adnar y uti\u00adli\u00adzar Pay\u00adPal expr\u00e9s, los datos nece\u00adsa\u00adrios para el pro\u00adces\u00ada\u00admi\u00adento del pago se trans\u00admit\u00adir\u00e1n a Pay\u00adPal con el fin de cum\u00adplir el cont\u00adrato con usted uti\u00adliz\u00adando el m\u00e9todo de pago sel\u00adeccio\u00adnado. Este pro\u00adces\u00ada\u00admi\u00adento se lleva a cabo sobre la base del Art. 6 p\u00e1r\u00adrafo 1 frase 1 lit. b GDPR. Encon\u00adtrar\u00e1 m\u00e1s infor\u00admaci\u00f3n sobre el tra\u00adta\u00admi\u00adento de datos al uti\u00adli\u00adzar el ser\u00advicio de pago Pay\u00adPal Express en la pol\u00ed\u00adtica de pri\u00adva\u00adci\u00addad aso\u00adciada en www.paypal.com\/de\/webapps\/mpp\/ua\/privacy-full?locale.x=de_DE#Updated_PS.<\/p>\n<p><strong>Uso de Mol\u00adlie (trans\u00adfe\u00adren\u00adcia ban\u00adca\u00adria SEPA, SOFORT Ban\u00adking, Pay\u00adPal, tar\u00adjeta de cr\u00e9\u00addito, Pay later)<\/strong><\/p>\n<p>Ofre\u00adce\u00admos varios m\u00e9to\u00addos de pago en nues\u00adtra tienda a tra\u00adv\u00e9s del pro\u00adve\u00adedor Mol\u00adlie. En la actu\u00adal\u00adi\u00addad incluyen trans\u00adfe\u00adren\u00adcia ban\u00adca\u00adria SEPA, Sofort Ban\u00adking, Pay\u00adPal, tar\u00adjeta de cr\u00e9\u00addito, Pay later. El m\u00e9todo de pago pre\u00adpago no est\u00e1 aso\u00adciado a Mol\u00adlie. Mol\u00adlie es un pro\u00adve\u00adedor de ser\u00advicios de pago de Mol\u00adlie B.V., Kei\u00adzers\u00adgracht 126, 1015 CW Ams\u00adter\u00addam, Pa\u00ed\u00adses Bajos.<br>\nCuando se rea\u00adliza un pago uti\u00adliz\u00adando los m\u00e9to\u00addos de pago aso\u00adcia\u00addos a Mol\u00adlie, Mol\u00adlie reco\u00adpila diversos datos de la trans\u00adac\u00adci\u00f3n y los env\u00eda a las ent\u00adi\u00add\u00ada\u00addes de pago. Ade\u00adm\u00e1s de los datos de pago requer\u00adidos, pue\u00adden regis\u00adtrarse otros datos (direcci\u00f3n de ent\u00adrega, cesta de la com\u00adpra). Mol\u00adlie pro\u00adce\u00ads\u00adar\u00e1 la trans\u00adac\u00adci\u00f3n junto con el banco o el pro\u00adve\u00adedor de pagos.<br>\nauten\u00adti\u00adfi\u00adcado. A con\u00adti\u00adnu\u00adaci\u00f3n, el importe del pago se trans\u00adfer\u00adir\u00e1 a nues\u00adtra cuenta.<br>\nLa base para el tra\u00adta\u00admi\u00adento de datos es el Art. 6 para. 1 p. 1 lit. b GDPR.<br>\nLa infor\u00admaci\u00f3n sobre pro\u00adtecci\u00f3n de datos del pro\u00adve\u00adedor de ser\u00advicios de pago Mol\u00adlie puede con\u00adsul\u00adt\u00adarse en https:\/\/www.mollie.com\/de\/privacy. Tam\u00adbi\u00e9n encon\u00adtrar\u00e1 las con\u00addi\u00adcio\u00adnes apli\u00adca\u00adbles en la p\u00e1gina de ini\u00adcio de Mol\u00adlie.<br>\nSi decide pagar con fac\u00adtura, Mol\u00adlie rea\u00adli\u00adzar\u00e1 una com\u00adpro\u00adba\u00adci\u00f3n de cr\u00e9\u00addito para mini\u00admi\u00adzar el riesgo de impago. Para ello, nece\u00adsi\u00adta\u00admos su con\u00adsen\u00adti\u00admi\u00adento para la trans\u00admi\u00adsi\u00f3n de los datos nece\u00adsa\u00adrios para la com\u00adpro\u00adba\u00adci\u00f3n de ident\u00adi\u00addad y de cr\u00e9\u00addito. Si da su con\u00adsen\u00adti\u00admi\u00adento, sus datos se trans\u00admit\u00adir\u00e1n a Mol\u00adlie. Mol\u00adlie trans\u00admite estos datos a empre\u00adsas aso\u00adcia\u00addas auto\u00adrizadas o a agen\u00adcias de cr\u00e9\u00addito. Puede encon\u00adtrar m\u00e1s infor\u00admaci\u00f3n al respecto en la pol\u00ed\u00adtica de pri\u00adva\u00adci\u00addad de Mol\u00adlie. La decis\u00adi\u00f3n sobre el estable\u00adci\u00admi\u00adento, la eje\u00adcu\u00adci\u00f3n o la rescis\u00adi\u00f3n de una rela\u00adci\u00f3n con\u00adtrac\u00adtual se toma sobre la base de la infor\u00admaci\u00f3n sobre sol\u00adven\u00adcia.<br>\nPuede revo\u00adcar su con\u00adsen\u00adti\u00admi\u00adento a Mol\u00adlie en cual\u00adquier momento. No obstante, Mol\u00adlie podr\u00e1 seguir estando auto\u00adrizada a pro\u00adce\u00adsar, uti\u00adli\u00adzar y trans\u00adferir sus datos per\u00adso\u00adna\u00adles si esto es nece\u00adsa\u00adrio o legal\u00admente requer\u00adido u orden\u00adado por un tri\u00adbu\u00adnal o auto\u00adri\u00addad p\u00fab\u00adlica con el fin de pro\u00adce\u00adsar los pagos de con\u00adfor\u00admi\u00addad con el acuerdo.<br>\nEl tra\u00adta\u00admi\u00adento de datos para la com\u00adpro\u00adba\u00adci\u00f3n de la sol\u00adven\u00adcia se basa en su con\u00adsen\u00adti\u00admi\u00adento de con\u00adfor\u00admi\u00addad con el art. 6 p\u00e1rr. 1 p. 1 lit. a GDPR.<\/p>\n<p><strong>7. redes socia\u00adles<\/strong><\/p>\n<p>Estamos pre\u00adsen\u00adtes en varias redes socia\u00adles. A con\u00adti\u00adnu\u00adaci\u00f3n se detallan. Los cli\u00adentes, par\u00adtes inte\u00adresadas y usua\u00adrios pue\u00adden uti\u00adli\u00adzarla para comu\u00adni\u00adcarse con noso\u00adtros e infor\u00admarse sobre nuestras activ\u00adi\u00add\u00ada\u00addes y pro\u00adduc\u00adtos.<br>\nEn este con\u00adtexto, nos gusta\u00adr\u00eda se\u00f1a\u00adlar que los datos de los usua\u00adrios tam\u00adbi\u00e9n pue\u00adden ser pro\u00adces\u00adados fuera de la Uni\u00f3n Euro\u00adpea. En con\u00adse\u00adcuen\u00adcia, puede haber ries\u00adgos para los usua\u00adrios de nues\u00adtra pre\u00adsen\u00adcia en las redes socia\u00adles.<br>\nPor lo gene\u00adral, las redes socia\u00adles tam\u00adbi\u00e9n uti\u00adlizan los datos de los usua\u00adrios con fines de inves\u00adti\u00adga\u00adci\u00f3n de mer\u00adcado y publi\u00adci\u00addad. El com\u00adpor\u00adta\u00admi\u00adento de uso se uti\u00adliza, por ejem\u00adplo, para anun\u00adcios per\u00adso\u00adna\u00adliz\u00adados. Se tie\u00adnen en cuenta los inte\u00adre\u00adses de los usua\u00adrios. Para ello, se alma\u00adcenan coo\u00adkies en los dis\u00adpo\u00adsi\u00adtivos de los usua\u00adrios, que per\u00admi\u00adten extraer con\u00adclu\u00adsio\u00adnes sobre el com\u00adpor\u00adta\u00admi\u00adento de los usua\u00adrios y sus inte\u00adre\u00adses.<br>\nEl tra\u00adta\u00admi\u00adento de los datos per\u00adso\u00adna\u00adles en las redes socia\u00adles lo lle\u00adva\u00admos a cabo sobre la base de un inte\u00adr\u00e9s leg\u00ed\u00adtimo de con\u00adfor\u00admi\u00addad con el art. 6 p\u00e1rr. 1 lit. f. GDPR. Nues\u00adtro obje\u00adtivo es garan\u00adti\u00adzar una comu\u00adni\u00adca\u00adci\u00f3n efi\u00adcaz con los usua\u00adrios y man\u00adten\u00aderle informado sobre nuestras activ\u00adi\u00add\u00ada\u00addes y pro\u00adduc\u00adtos.<br>\nSi se requiere el con\u00adsen\u00adti\u00admi\u00adento para el tra\u00adta\u00admi\u00adento de datos, el tra\u00adta\u00admi\u00adento se lleva a cabo de con\u00adfor\u00admi\u00addad con el Art. 6 para. 1 p. 1 lit. a. y Art. 7 GDPR.<br>\nNo nos es posi\u00adble rastrear todas las ope\u00adra\u00adcio\u00adnes de pro\u00adces\u00ada\u00admi\u00adento de las redes socia\u00adles. Por lo tanto, dirija sus soli\u00adci\u00adtu\u00addes de infor\u00admaci\u00f3n direc\u00adta\u00admente a los ope\u00adra\u00addo\u00adres indi\u00advi\u00addua\u00adles de las redes socia\u00adles. S\u00f3lo el pro\u00adve\u00adedor tiene acceso a los datos del usua\u00adrio y, por lo tanto, puede pro\u00adpor\u00adcio\u00adnar infor\u00admaci\u00f3n o tomar las medi\u00addas adecua\u00addas en caso de que se hagan valer los derechos del usua\u00adrio. No obstante, tam\u00adbi\u00e9n puede ponerse en cont\u00adacto con noso\u00adtros o con nues\u00adtro responsable de pro\u00adtecci\u00f3n de datos si tiene alguna duda sobre la pro\u00adtecci\u00f3n de datos.<br>\nPara m\u00e1s detal\u00adles y opcio\u00adnes de obje\u00adci\u00f3n, con\u00adsulte las p\u00e1gi\u00adnas cor\u00adre\u00adspon\u00addien\u00adtes:<\/p>\n<p><strong>Face\u00adbook<\/strong><\/p>\n<p>El pro\u00adve\u00adedor es Meta Plat\u00adforms Ire\u00adland Limi\u00adted, 4 Grand Canal Square, Dubl\u00edn 2, Irlanda. Puede con\u00adsul\u00adtar la pol\u00ed\u00adtica de pri\u00adva\u00adci\u00addad de Face\u00adbook en<br>\nhttps:\/\/www.facebook.com\/about\/privacy\/update<br>\ny<br>\nhttps:\/\/www.facebook.com\/legal\/terms\/page_controller_addendum.<\/p>\n<p><strong>Lin\u00adke\u00addIn<\/strong><\/p>\n<p>El pro\u00adve\u00adedor es Lin\u00adke\u00addIn Ire\u00adland Unli\u00admi\u00adted Com\u00adpany, Wil\u00adton Place, Dubl\u00edn 2, Irlanda. La pol\u00ed\u00adtica de pri\u00adva\u00adci\u00addad puede con\u00adsul\u00adt\u00adarse en<br>\nhttps:\/\/www.linkedin.com\/legal\/privacy-policy?_l=de_DE.<\/p>\n<p><strong>8. gal\u00adle\u00adtas<\/strong><\/p>\n<p>Nues\u00adtro sitio web uti\u00adliza coo\u00adkies. Las coo\u00adkies son peque\u00ad\u00f1os archivos de texto que se alma\u00adcenan en el navega\u00addor de Inter\u00adnet o por el navega\u00addor de Inter\u00adnet en el sis\u00adtema infor\u00adm\u00e1\u00adtico del usua\u00adrio. Cuando un usua\u00adrio accede a un sitio web, puede alma\u00adcen\u00adarse una coo\u00adkie en su sis\u00adtema ope\u00adra\u00adtivo. Esta coo\u00adkie con\u00adtiene una cadena de carac\u00adte\u00adres carac\u00adte\u00adr\u00ed\u00adstica que per\u00admite iden\u00adti\u00adfi\u00adcar el navega\u00addor de forma ine\u00adqu\u00ed\u00advoca cuando se vuelve a acce\u00adder al sitio web.<br>\nLas coo\u00adkies se alma\u00adcenan en su orden\u00ada\u00addor. Por lo tanto, usted tiene pleno con\u00adtrol sobre el uso de coo\u00adkies. Sel\u00adeccio\u00adn\u00adando la con\u00adfi\u00adgu\u00adra\u00adci\u00f3n t\u00e9c\u00adnica adecuada en su navega\u00addor de Inter\u00adnet, puede ser noti\u00adfi\u00adcado antes de que se ins\u00adta\u00adlen las coo\u00adkies y deci\u00addir si las acepta indi\u00advi\u00addu\u00adal\u00admente e impe\u00addir el alma\u00adcen\u00ada\u00admi\u00adento de coo\u00adkies y la trans\u00admi\u00adsi\u00f3n de los datos que con\u00adtie\u00adnen. Las coo\u00adkies ya guardadas pue\u00adden eli\u00admi\u00adnarse en cual\u00adquier momento. No obstante, le adver\u00adti\u00admos de que, en ese caso, es posi\u00adble que no pueda uti\u00adli\u00adzar todas las fun\u00adcio\u00adnes de este sitio web en toda su exten\u00adsi\u00f3n.<\/p>\n<p><strong>Coo\u00adkies t\u00e9c\u00adni\u00adca\u00admente nece\u00adsa\u00adrias<\/strong><\/p>\n<p>A menos que se indi\u00adque lo con\u00adtra\u00adrio en la pol\u00ed\u00adtica de pri\u00adva\u00adci\u00addad, s\u00f3lo uti\u00adliz\u00ada\u00admos estas coo\u00adkies t\u00e9c\u00adni\u00adca\u00admente nece\u00adsa\u00adrias para que nues\u00adtro sitio web sea m\u00e1s f\u00e1cil de usar, efi\u00adcaz y seguro. Ade\u00adm\u00e1s, las coo\u00adkies per\u00admi\u00adten a nues\u00adtros sis\u00adte\u00admas reco\u00adno\u00adcer su navega\u00addor incluso des\u00adpu\u00e9s de un cam\u00adbio de p\u00e1gina y ofre\u00adcerle ser\u00advicios. Algu\u00adnas fun\u00adcio\u00adnes de nues\u00adtro sitio web no pue\u00adden ofre\u00adcerse sin el uso de coo\u00adkies. Esto requiere que el navega\u00addor sea reco\u00adno\u00adcido incluso des\u00adpu\u00e9s de un cam\u00adbio de p\u00e1gina.<br>\nEl uso de coo\u00adkies o tec\u00adno\u00adlo\u00adg\u00edas com\u00adpa\u00adra\u00adbles se lleva a cabo sobre la base del \u00a7 15 p\u00e1rr. 3 P. 1 TMG. El tra\u00adta\u00admi\u00adento de sus datos per\u00adso\u00adna\u00adles se rea\u00adliza sobre la base del Art. 6 para. 1 p. 1 lit. f GDPR de nues\u00adtro inte\u00adr\u00e9s leg\u00ed\u00adtimo prepon\u00adder\u00adante en garan\u00adti\u00adzar la fun\u00adcio\u00adnal\u00adidad \u00f3ptima del sitio web y un dise\u00f1o f\u00e1cil de usar y efi\u00adcaz de nues\u00adtra oferta.<br>\nTiene der\u00adecho a opo\u00adnerse en cual\u00adquier momento, por motivos rela\u00adcio\u00adna\u00addos con su situ\u00adaci\u00f3n par\u00adti\u00adcu\u00adlar, al tra\u00adta\u00admi\u00adento de los datos per\u00adso\u00adna\u00adles que le con\u00adcier\u00adnen.<br>\nPuede encon\u00adtrar un resu\u00admen de las coo\u00adkies uti\u00adlizadas en Con\u00adfi\u00adgu\u00adra\u00adci\u00f3n de pri\u00adva\u00adci\u00addad \u2013 Coo\u00adkies.<\/p>\n<p><strong>9 Derechos del inte\u00adres\u00adado y dura\u00adci\u00f3n del alma\u00adcen\u00ada\u00admi\u00adento<\/strong><\/p>\n<p><strong>Dura\u00adci\u00f3n del alma\u00adcen\u00ada\u00admi\u00adento<\/strong><\/p>\n<p>Una vez que el cont\u00adrato se haya tra\u00admi\u00adtado en su tota\u00adli\u00addad, los datos se alma\u00adcen\u00adar\u00e1n ini\u00adcial\u00admente durante el peri\u00adodo de garan\u00adt\u00eda, des\u00adpu\u00e9s de acuerdo con los peri\u00adodos de con\u00adser\u00adva\u00adci\u00f3n lega\u00adles, en par\u00adti\u00adcu\u00adlar con arre\u00adglo a la legis\u00adla\u00adci\u00f3n fis\u00adcal y mer\u00adcan\u00adtil, y a con\u00adti\u00adnu\u00adaci\u00f3n se eli\u00admi\u00adn\u00adar\u00e1n tras la expi\u00adra\u00adci\u00f3n del peri\u00adodo, a menos que usted haya dado su con\u00adsen\u00adti\u00admi\u00adento para que se sigan pro\u00adce\u00adsando y uti\u00adliz\u00adando.<\/p>\n<p><strong>Derechos del inte\u00adres\u00adado<\/strong><\/p>\n<p>Si se cump\u00adlen los requi\u00adsi\u00adtos lega\u00adles, usted tiene los sigu\u00adi\u00aden\u00adtes derechos de con\u00adfor\u00admi\u00addad con los art\u00ed\u00adcu\u00adlos 15 a 20 del RGPD: der\u00adecho a la infor\u00admaci\u00f3n, a la rec\u00adti\u00adfi\u00adca\u00adci\u00f3n, a la supre\u00adsi\u00f3n, a la limit\u00ada\u00adci\u00f3n del tra\u00adta\u00admi\u00adento, a la por\u00adta\u00adbil\u00adidad de los datos.<br>\nAde\u00adm\u00e1s, seg\u00fan el art. 21 p\u00e1rr. 1 GDPR para opo\u00adnerse al tra\u00adta\u00admi\u00adento basado en el Art. 6 para. 1 p. 1 lit. f GDPR, as\u00ed como con\u00adtra el tra\u00adta\u00admi\u00adento con fines de mer\u00adca\u00addo\u00adtec\u00adnia directa.<\/p>\n<p><strong>Der\u00adecho a pre\u00adsen\u00adtar una recla\u00admaci\u00f3n ante la auto\u00adri\u00addad de con\u00adtrol<\/strong><\/p>\n<p>De con\u00adfor\u00admi\u00addad con el art\u00ed\u00adculo 77 del RGPD, tiene der\u00adecho a pre\u00adsen\u00adtar una recla\u00admaci\u00f3n ante la auto\u00adri\u00addad de con\u00adtrol si con\u00adsidera que sus datos per\u00adso\u00adna\u00adles est\u00e1n siendo tra\u00adta\u00addos de forma il\u00ed\u00adcita.<\/p>\n<p><strong>Der\u00adecho de opo\u00adsi\u00adci\u00f3n<\/strong><\/p>\n<p>Si el tra\u00adta\u00admi\u00adento de los datos per\u00adso\u00adna\u00adles enu\u00adme\u00adra\u00addos aqu\u00ed se basa en nues\u00adtro inte\u00adr\u00e9s leg\u00ed\u00adtimo de con\u00adfor\u00admi\u00addad con el Art. 6 para. 1 lit. f GDPR, tiene der\u00adecho a opo\u00adnerse a este tra\u00adta\u00admi\u00adento en cual\u00adquier momento con efec\u00adtos para el futuro por motivos rela\u00adcio\u00adna\u00addos con su situ\u00adaci\u00f3n par\u00adti\u00adcu\u00adlar.<br>\nUna vez que se haya pre\u00adsen\u00adtado una obje\u00adci\u00f3n, se pon\u00addr\u00e1 fin al tra\u00adta\u00admi\u00adento de los datos en cues\u00adti\u00f3n, a menos que poda\u00admos demo\u00adstrar motivos leg\u00ed\u00adti\u00admos impe\u00adrio\u00adsos para el tra\u00adta\u00admi\u00adento que pre\u00adva\u00adlez\u00adcan sobre sus inte\u00adre\u00adses, derechos y libert\u00adades, o si el tra\u00adta\u00admi\u00adento sirve para el estable\u00adci\u00admi\u00adento, ejer\u00adci\u00adcio o defensa de recla\u00admacio\u00adnes lega\u00adles.<br>\nSi los datos per\u00adso\u00adna\u00adles se pro\u00adce\u00adsan con fines de mar\u00adke\u00adting directo, puede opo\u00adnerse a este pro\u00adces\u00ada\u00admi\u00adento en cual\u00adquier momento noti\u00adfic\u00e1n\u00addo\u00adnoslo. Una vez que se haya opuesto, deja\u00adre\u00admos de tra\u00adtar los datos en cues\u00adti\u00f3n con fines de venta directa.<\/p>\n<p><strong>10. etra\u00adcker<\/strong><\/p>\n<p>Uti\u00adliz\u00ada\u00admos etra\u00adcker con fines de an\u00e1\u00adli\u00adsis. Esta her\u00adra\u00admi\u00adenta de an\u00e1\u00adli\u00adsis web es pro\u00adpor\u00adcio\u00adnada por etra\u00adcker GmbH, Erste Brun\u00adnen\u00adstra\u00dfe 1, 20459 Ham\u00adburgo, Ale\u00adma\u00adnia. Por defecto, no uti\u00adliz\u00ada\u00admos coo\u00adkies para el an\u00e1\u00adli\u00adsis web. Las coo\u00adkies que pue\u00adden uti\u00adli\u00adzarse para crear per\u00adfiles de usua\u00adrio seudo\u00adni\u00admiz\u00adados s\u00f3lo se alma\u00adcenan pre\u00advio con\u00adsen\u00adti\u00admi\u00adento expl\u00ed\u00adcito. No es posi\u00adble la iden\u00adti\u00adfi\u00adca\u00adci\u00f3n per\u00adso\u00adnal. Los datos reco\u00adgi\u00addos tam\u00adpoco se fusio\u00adnar\u00e1n con otros datos para iden\u00adti\u00adfi\u00adcarle.<br>\nHemos celeb\u00adrado un cont\u00adrato de tra\u00admit\u00ada\u00adci\u00f3n de pedi\u00addos con etra\u00adcker. Los datos reco\u00adgi\u00addos se pro\u00adce\u00adsan exclu\u00adsi\u00adv\u00ada\u00admente en Ale\u00adma\u00adnia. Por lo tanto, el tra\u00adta\u00admi\u00adento de datos est\u00e1 sujeto al GDPR. Ade\u00adm\u00e1s, etra\u00adcker est\u00e1 cer\u00adti\u00adfi\u00adcado en mate\u00adria de pro\u00adtecci\u00f3n de datos. Encon\u00adtrar\u00e1 m\u00e1s infor\u00admaci\u00f3n sobre el tra\u00adta\u00admi\u00adento de datos en https:\/\/www.etracker.com\/datenschutz\/.<br>\nNues\u00adtro inte\u00adr\u00e9s al uti\u00adli\u00adzar etra\u00adcker es opti\u00admi\u00adzar nues\u00adtro sitio web. El tra\u00adta\u00admi\u00adento de datos se lleva a cabo de con\u00adfor\u00admi\u00addad con el Art. 6 para. 1 p. 1 lit. f GDPR sobre la base de un inte\u00adr\u00e9s leg\u00ed\u00adtimo. Si se requiere el con\u00adsen\u00adti\u00admi\u00adento para el tra\u00adta\u00admi\u00adento de datos, el tra\u00adta\u00admi\u00adento se lleva a cabo de con\u00adfor\u00admi\u00addad con el Art. 6 para. 1 p. 1 lit. a. y Art. 7 GDPR.<\/p>\n<p><strong>11\u00ba Shop\u00adware<\/strong><\/p>\n<p>Para el fun\u00adcio\u00adna\u00admi\u00adento de nues\u00adtra tienda online uti\u00adliz\u00ada\u00admos el sis\u00adtema Shop\u00adware shop del pro\u00adve\u00adedor shop\u00adware AG, Ebbing\u00adhoff 10, 48624 Sch\u00f6p\u00adpin\u00adgen.<br>\nHemos celeb\u00adrado un cont\u00adrato de tra\u00admit\u00ada\u00adci\u00f3n de pedi\u00addos con Shop\u00adware. Los datos intro\u00addu\u00adci\u00addos en la tienda se env\u00edan a Shop\u00adware. La trans\u00admi\u00adsi\u00f3n tiene lugar en el con\u00adtexto de la eje\u00adcu\u00adci\u00f3n del cont\u00adrato de acuerdo con el Art. 6 para. 1 p. 1 lit. b GDPR.<br>\nEncon\u00adtrar\u00e1 m\u00e1s infor\u00admaci\u00f3n sobre el tra\u00adta\u00admi\u00adento de datos por Shop\u00adware en https:\/\/www.shopware.com\/de\/datenschutz.<\/p>\n<p><strong>12. ges\u00adtor de auto\u00adri\u00adza\u00adcio\u00adnes<\/strong><\/p>\n<p>Hemos inte\u00adgrado la her\u00adra\u00admi\u00adenta de gesti\u00f3n del con\u00adsen\u00adti\u00admi\u00adento con\u00adsent\u00adma\u00adna\u00adger (www.consentmanager.net) de con\u00adsent\u00adma\u00adna\u00adger AB (H\u00e5lt\u00adgel\u00adv\u00e5\u00adgen 1b, 72348 V\u00e4s\u00adter\u00e5s, Sue\u00adcia, info@consentmanager.net) en nues\u00adtro sitio web con el fin de soli\u00adci\u00adtar el con\u00adsen\u00adti\u00admi\u00adento para el tra\u00adta\u00admi\u00adento de datos o el uso de coo\u00adkies o fun\u00adcio\u00adnes com\u00adpa\u00adra\u00adbles. Con la ayuda de con\u00adsent\u00adma\u00adna\u00adger, tiene la posi\u00adbil\u00adidad de dar o dene\u00adgar su con\u00adsen\u00adti\u00admi\u00adento para deter\u00admi\u00adna\u00addas fun\u00adcio\u00adnal\u00adida\u00addes de nues\u00adtro sitio web, por ejem\u00adplo, a efec\u00adtos de inte\u00adgra\u00adci\u00f3n de ele\u00admentos exter\u00adnos, inte\u00adgra\u00adci\u00f3n de con\u00adteni\u00addos en strea\u00adming, an\u00e1\u00adli\u00adsis estad\u00ed\u00adstico, medi\u00adci\u00f3n del alcance y publi\u00adci\u00addad per\u00adso\u00adna\u00adlizada. Puede uti\u00adli\u00adzar el ges\u00adtor de con\u00adsen\u00adti\u00admi\u00adento para dar o dene\u00adgar su con\u00adsen\u00adti\u00admi\u00adento para todas las fun\u00adcio\u00adnes o para dar su con\u00adsen\u00adti\u00admi\u00adento para fines con\u00adcre\u00adtos o fun\u00adcio\u00adnes con\u00adcre\u00adtas. Tam\u00adbi\u00e9n pue\u00addes modi\u00adfi\u00adcar pos\u00adte\u00adrior\u00admente los ajus\u00adtes rea\u00adliz\u00adados. El obje\u00adtivo de la inte\u00adgra\u00adci\u00f3n del ges\u00adtor de con\u00adsen\u00adti\u00admi\u00adento es per\u00admi\u00adtir a los usua\u00adrios de nues\u00adtro sitio web deci\u00addir sobre las cues\u00adtio\u00adnes antes men\u00adcio\u00adna\u00addas y ofre\u00adcer la posi\u00adbil\u00adidad de modi\u00adfi\u00adcar los ajus\u00adtes ya rea\u00adliz\u00adados durante el uso pos\u00adte\u00adrior de nues\u00adtro sitio web. Durante el uso de con\u00adsent\u00adma\u00adna\u00adger, se pro\u00adce\u00adsan datos per\u00adso\u00adna\u00adles e infor\u00admaci\u00f3n sobre los dis\u00adpo\u00adsi\u00adtivos fina\u00adles uti\u00adliz\u00adados (direcci\u00f3n IP, idioma, navega\u00addor, etc.) y se env\u00edan a con\u00adsent\u00adma\u00adna\u00adger AB. La infor\u00admaci\u00f3n sobre los ajus\u00adtes que has rea\u00adliz\u00adado tam\u00adbi\u00e9n se alma\u00adcena en tu dis\u00adpo\u00adsi\u00adtivo final.<br>\nLa base jur\u00ed\u00addica del tra\u00adta\u00admi\u00adento es el art\u00ed\u00adculo 6, apar\u00adtado 1, del Tra\u00adtado CE. 1 p. 1 lit. c GDPR en rela\u00adci\u00f3n con el art. 7 p\u00e1rr. 1 GDPR, en la medida en que el tra\u00adta\u00admi\u00adento sirva para cum\u00adplir las obli\u00adga\u00adcio\u00adnes legal\u00admente nor\u00adma\u00adlizadas de aportar prue\u00adbas para la con\u00adce\u00adsi\u00f3n del con\u00adsen\u00adti\u00admi\u00adento. Ade\u00adm\u00e1s, el art. 6 p\u00e1rr. 1 p. 1 lit. f El GDPR es la base jur\u00ed\u00addica per\u00adti\u00adnente. Nues\u00adtros inte\u00adre\u00adses leg\u00ed\u00adti\u00admos en el tra\u00adta\u00admi\u00adento resi\u00adden en el alma\u00adcen\u00ada\u00admi\u00adento de los ajus\u00adtes y pre\u00adfe\u00adren\u00adcias del usua\u00adrio en rela\u00adci\u00f3n con el uso de coo\u00adkies y la eva\u00adlu\u00adaci\u00f3n de los \u00edndi\u00adces de con\u00adsen\u00adti\u00admi\u00adento. El con\u00adsen\u00adti\u00admi\u00adento se soli\u00adci\u00adtar\u00e1 de nuevo a m\u00e1s tar\u00addar 24 meses des\u00adpu\u00e9s de que se hayan rea\u00adliz\u00adado los ajus\u00adtes del usua\u00adrio. Los ajus\u00adtes de usua\u00adrio rea\u00adliz\u00adados se guar\u00addar\u00e1n de nuevo durante este peri\u00adodo, a menos que usted mismo borre pre\u00advia\u00admente la infor\u00admaci\u00f3n sobre sus ajus\u00adtes de usua\u00adrio en las capa\u00adci\u00add\u00ada\u00addes del dis\u00adpo\u00adsi\u00adtivo ter\u00admi\u00adnal pre\u00advis\u00adtas a tal efecto.<\/p>\n<p><strong>13\u00ba Mer\u00adcado de Ama\u00adzon<\/strong><\/p>\n<p>Tam\u00adbi\u00e9n ven\u00adde\u00admos nues\u00adtros pro\u00adduc\u00adtos a tra\u00adv\u00e9s de la pla\u00adta\u00adforma de ven\u00adtas Ama\u00adzon. Por la pre\u00adsente le inform\u00ada\u00admos sobre el tra\u00adta\u00admi\u00adento de datos per\u00adso\u00adna\u00adles en este con\u00adtexto. Encon\u00adtrar\u00e1 infor\u00admaci\u00f3n sobre el tra\u00adta\u00admi\u00adento de datos direc\u00adta\u00admente por Ama\u00adzon en https:\/\/www.amazon.de\/gp\/help\/customer\/display.html.<br>\nCuando usted rea\u00adliza una com\u00adpra a tra\u00adv\u00e9s de la pla\u00adta\u00adforma de ven\u00adtas de Ama\u00adzon, nos faci\u00adlita datos que nece\u00adsi\u00adta\u00admos para tra\u00admitar el cont\u00adrato. El tra\u00adta\u00admi\u00adento y la trans\u00admi\u00adsi\u00f3n<br>\nque ya ha acep\u00adtado al regis\u00adtrarse en Ama\u00adzon. No reco\u00adge\u00admos nin\u00adg\u00fan otro dato per\u00adso\u00adnal.<br>\nUti\u00adliz\u00ada\u00admos estos datos para los sigu\u00adi\u00aden\u00adtes fines:<br>\n-<br>\nIden\u00adti\u00adfi\u00adca\u00adci\u00f3n como cli\u00adente<br>\n-<br>\nTra\u00admit\u00ada\u00adci\u00f3n de pedi\u00addos<br>\n-<br>\nCor\u00adre\u00adspon\u00adden\u00adcia<br>\n-<br>\nFac\u00adtur\u00ada\u00adci\u00f3n<br>\n-<br>\nEn su caso, tra\u00admit\u00ada\u00adci\u00f3n de las recla\u00admacio\u00adnes de responsa\u00adbil\u00adidad civil, afir\u00admaci\u00f3n de cual\u00adquier recla\u00admaci\u00f3n<br>\nEl tra\u00adta\u00admi\u00adento de datos se lleva a cabo de con\u00adfor\u00admi\u00addad con el Art. 6 para. 1 p. 1 lit. b GDPR, es decir, para cum\u00adplir las obli\u00adga\u00adcio\u00adnes mutuas deriva\u00addas del cont\u00adrato de com\u00adpra. Todo tra\u00adta\u00admi\u00adento pos\u00adte\u00adrior se lleva a cabo sobre la base del Art. 6 para. 1 p. 1 lit. a. GDPR, es decir, basado en su con\u00adsen\u00adti\u00admi\u00adento con Ama\u00adzon.<\/p>\n<p><strong>14 Ebay<\/strong><\/p>\n<p>Ofre\u00adce\u00admos nues\u00adtros pro\u00adduc\u00adtos en la pla\u00adta\u00adforma de ven\u00adtas eBay. Encon\u00adtrar\u00e1 infor\u00admaci\u00f3n sobre el tra\u00adta\u00admi\u00adento de datos del pro\u00adve\u00adedor de ser\u00advicios de venta en https:\/\/www.ebay.de\/help\/policies\/member-behaviour-policies\/user-privacy-notice-privacy-policy?id=4260. Al regis\u00adtrarse en eBay, se le infor\u00admar\u00e1 sobre su tra\u00adta\u00admi\u00adento de datos. Ade\u00adm\u00e1s, el con\u00adsen\u00adti\u00admi\u00adento para el tra\u00adta\u00admi\u00adento y la trans\u00admi\u00adsi\u00f3n de datos se da en el momento del regis\u00adtro o del pedido.<br>\nLos datos que eBay nos trans\u00admite los uti\u00adliz\u00ada\u00admos para los sigu\u00adi\u00aden\u00adtes fines:<br>\n-<br>\nIden\u00adti\u00adfi\u00adca\u00adci\u00f3n como cli\u00adente<br>\n-<br>\nTra\u00admit\u00ada\u00adci\u00f3n de pedi\u00addos<br>\n-<br>\nCor\u00adre\u00adspon\u00adden\u00adcia<br>\n-<br>\nFac\u00adtur\u00ada\u00adci\u00f3n<br>\n-<br>\nEn su caso, tra\u00admit\u00ada\u00adci\u00f3n de las recla\u00admacio\u00adnes de responsa\u00adbil\u00adidad civil, afir\u00admaci\u00f3n de cual\u00adquier recla\u00admaci\u00f3n<br>\nEl tra\u00adta\u00admi\u00adento de datos se lleva a cabo de con\u00adfor\u00admi\u00addad con el Art. 6 para. 1 p. 1 lit. b GDPR, es decir, para cum\u00adplir las obli\u00adga\u00adcio\u00adnes mutuas deriva\u00addas del cont\u00adrato de com\u00adpra. Todo tra\u00adta\u00admi\u00adento pos\u00adte\u00adrior se lleva a cabo sobre la base del Art. 6 para. 1 p. 1 lit. a GDPR, es decir, sobre la base de su con\u00adsen\u00adti\u00admi\u00adento en eBay.<\/p>\n<p>pro\u00adtecci\u00f3n y libertad de infor\u00admaci\u00f3n en Baden-W\u00fcrt\u00adtem\u00adberg.<\/p>\n","protected":false},"excerpt":{"rendered":"<p>Pol\u00ed\u00adtica de pri\u00adva\u00adci\u00addad Responsable en el sent\u00adido del GDPR es: M\u00fcnz\u00adin\u00adger + Frie\u00adser Hol\u00adding GmbH Olgastr. 14\u201326 D\u201172770 Reut\u00adlin\u00adgen Tel\u00e9\u00adfono: +49 7121\/9596\u20130 Fax: +49 7121\/9596\u201318 Cor\u00adreo elec\u00adtr\u00f3\u00adnico: info@muenzinger.de Inter\u00adnet: www.muenzinger.de Direc\u00adtor Gene\u00adral: Uwe M\u00fcnz\u00adin\u00adger De con\u00adfor\u00admi\u00addad con el art. 37 \u2013 39 GDPR \/ \u00a7 38 BDSG, hemos nomb\u00adrado a un responsable externo de la\u2026<\/p>\n","protected":false},"author":6,"featured_media":0,"parent":0,"menu_order":0,"comment_status":"closed","ping_status":"closed","template":"","meta":{"wp_typography_post_enhancements_disabled":false,"footnotes":"","_links_to":"","_links_to_target":""},"class_list":["post-62743","page","type-page","status-publish","hentry"],"yoast_head":"<!-- This site is optimized with the Yoast SEO plugin v27.3 - https:\/\/yoast.com\/product\/yoast-seo-wordpress\/ -->\n<title>Protecci\u00f3n de datos - M\u00fcnzinger + Frieser Holding GmbH \/ Adhesive D\u00e4mmsysteme GmbH<\/title>\n<meta name=\"robots\" content=\"index, follow, max-snippet:-1, max-image-preview:large, max-video-preview:-1\" \/>\n<link rel=\"canonical\" href=\"https:\/\/muenzinger.eu\/es\/proteccion-de-datos-3\/\" \/>\n<meta property=\"og:locale\" content=\"es_ES\" \/>\n<meta property=\"og:type\" content=\"article\" \/>\n<meta property=\"og:title\" content=\"Protecci\u00f3n de datos - M\u00fcnzinger + Frieser Holding GmbH \/ Adhesive D\u00e4mmsysteme GmbH\" \/>\n<meta property=\"og:description\" content=\"Pol\u00edtica de privacidad Responsable en el sent\u00adido del GDPR es: M\u00fcnz\u00adin\u00adger + Frie\u00adser Hol\u00adding GmbH Olgastr. 14\u201326 D\u201172770 Reut\u00adlin\u00adgen Tel\u00e9\u00adfono: +49 7121\/9596\u20130 Fax: +49 7121\/9596\u201318 Cor\u00adreo elec\u00adtr\u00f3\u00adnico: info@muenzinger.de Inter\u00adnet: www.muenzinger.de Direc\u00adtor Gene\u00adral: Uwe M\u00fcnz\u00adin\u00adger De con\u00adfor\u00admi\u00addad con el art. 37 \u2013 39 GDPR \/ \u00a7 38 BDSG, hemos nomb\u00adrado a un responsable externo de la...\" \/>\n<meta property=\"og:url\" content=\"https:\/\/muenzinger.eu\/es\/proteccion-de-datos-3\/\" \/>\n<meta property=\"og:site_name\" content=\"M\u00fcnzinger + Frieser Holding GmbH \/ Adhesive D\u00e4mmsysteme GmbH\" \/>\n<meta property=\"article:modified_time\" content=\"2024-01-25T15:17:59+00:00\" \/>\n<meta name=\"twitter:card\" content=\"summary_large_image\" \/>\n<meta name=\"twitter:label1\" content=\"Tiempo de lectura\" \/>\n\t<meta name=\"twitter:data1\" content=\"21 minutos\" \/>\n<script type=\"application\/ld+json\" class=\"yoast-schema-graph\">{\"@context\":\"https:\\\/\\\/schema.org\",\"@graph\":[{\"@type\":\"WebPage\",\"@id\":\"https:\\\/\\\/muenzinger.eu\\\/es\\\/proteccion-de-datos-3\\\/\",\"url\":\"https:\\\/\\\/muenzinger.eu\\\/es\\\/proteccion-de-datos-3\\\/\",\"name\":\"Protecci\u00f3n de datos - M\u00fcnzinger + Frieser Holding GmbH \\\/ Adhesive D\u00e4mmsysteme GmbH\",\"isPartOf\":{\"@id\":\"https:\\\/\\\/muenzinger.eu\\\/es\\\/#website\"},\"datePublished\":\"2023-12-28T12:23:33+00:00\",\"dateModified\":\"2024-01-25T15:17:59+00:00\",\"breadcrumb\":{\"@id\":\"https:\\\/\\\/muenzinger.eu\\\/es\\\/proteccion-de-datos-3\\\/#breadcrumb\"},\"inLanguage\":\"es\",\"potentialAction\":[{\"@type\":\"ReadAction\",\"target\":[\"https:\\\/\\\/muenzinger.eu\\\/es\\\/proteccion-de-datos-3\\\/\"]}]},{\"@type\":\"BreadcrumbList\",\"@id\":\"https:\\\/\\\/muenzinger.eu\\\/es\\\/proteccion-de-datos-3\\\/#breadcrumb\",\"itemListElement\":[{\"@type\":\"ListItem\",\"position\":1,\"name\":\"P\u00e1gina de inicio\",\"item\":\"https:\\\/\\\/muenzinger.eu\\\/es\\\/inicio\\\/\"},{\"@type\":\"ListItem\",\"position\":2,\"name\":\"Protecci\u00f3n de datos\"}]},{\"@type\":\"WebSite\",\"@id\":\"https:\\\/\\\/muenzinger.eu\\\/es\\\/#website\",\"url\":\"https:\\\/\\\/muenzinger.eu\\\/es\\\/\",\"name\":\"M\u00fcnzinger + Frieser Holding GmbH \\\/ Adhesive D\u00e4mmsysteme GmbH\",\"description\":\"\",\"publisher\":{\"@id\":\"https:\\\/\\\/muenzinger.eu\\\/es\\\/#organization\"},\"potentialAction\":[{\"@type\":\"SearchAction\",\"target\":{\"@type\":\"EntryPoint\",\"urlTemplate\":\"https:\\\/\\\/muenzinger.eu\\\/es\\\/?s={search_term_string}\"},\"query-input\":{\"@type\":\"PropertyValueSpecification\",\"valueRequired\":true,\"valueName\":\"search_term_string\"}}],\"inLanguage\":\"es\"},{\"@type\":\"Organization\",\"@id\":\"https:\\\/\\\/muenzinger.eu\\\/es\\\/#organization\",\"name\":\"M\u00fcnzinger + Frieser Holding GmbH \\\/ Adhesive D\u00e4mmsysteme GmbH\",\"url\":\"https:\\\/\\\/muenzinger.eu\\\/es\\\/\",\"logo\":{\"@type\":\"ImageObject\",\"inLanguage\":\"es\",\"@id\":\"https:\\\/\\\/muenzinger.eu\\\/es\\\/#\\\/schema\\\/logo\\\/image\\\/\",\"url\":\"https:\\\/\\\/muenzinger.eu\\\/wp-content\\\/uploads\\\/2022\\\/12\\\/Muenzinger-logo-01.png\",\"contentUrl\":\"https:\\\/\\\/muenzinger.eu\\\/wp-content\\\/uploads\\\/2022\\\/12\\\/Muenzinger-logo-01.png\",\"width\":580,\"height\":107,\"caption\":\"M\u00fcnzinger + Frieser Holding GmbH \\\/ Adhesive D\u00e4mmsysteme GmbH\"},\"image\":{\"@id\":\"https:\\\/\\\/muenzinger.eu\\\/es\\\/#\\\/schema\\\/logo\\\/image\\\/\"},\"sameAs\":[\"https:\\\/\\\/www.linkedin.com\\\/company\\\/mnzinger-frieser-holding-gmbh\\\/\"]}]}<\/script>\n<!-- \/ Yoast SEO plugin. -->","yoast_head_json":{"title":"Protecci\u00f3n de datos - M\u00fcnzinger + Frieser Holding GmbH \/ Adhesive D\u00e4mmsysteme GmbH","robots":{"index":"index","follow":"follow","max-snippet":"max-snippet:-1","max-image-preview":"max-image-preview:large","max-video-preview":"max-video-preview:-1"},"canonical":"https:\/\/muenzinger.eu\/es\/proteccion-de-datos-3\/","og_locale":"es_ES","og_type":"article","og_title":"Protecci\u00f3n de datos - M\u00fcnzinger + Frieser Holding GmbH \/ Adhesive D\u00e4mmsysteme GmbH","og_description":"Pol\u00edtica de privacidad Responsable en el sent\u00adido del GDPR es: M\u00fcnz\u00adin\u00adger + Frie\u00adser Hol\u00adding GmbH Olgastr. 14\u201326 D\u201172770 Reut\u00adlin\u00adgen Tel\u00e9\u00adfono: +49 7121\/9596\u20130 Fax: +49 7121\/9596\u201318 Cor\u00adreo elec\u00adtr\u00f3\u00adnico: info@muenzinger.de Inter\u00adnet: www.muenzinger.de Direc\u00adtor Gene\u00adral: Uwe M\u00fcnz\u00adin\u00adger De con\u00adfor\u00admi\u00addad con el art. 37 \u2013 39 GDPR \/ \u00a7 38 BDSG, hemos nomb\u00adrado a un responsable externo de la...","og_url":"https:\/\/muenzinger.eu\/es\/proteccion-de-datos-3\/","og_site_name":"M\u00fcnzinger + Frieser Holding GmbH \/ Adhesive D\u00e4mmsysteme GmbH","article_modified_time":"2024-01-25T15:17:59+00:00","twitter_card":"summary_large_image","twitter_misc":{"Tiempo de lectura":"21 minutos"},"schema":{"@context":"https:\/\/schema.org","@graph":[{"@type":"WebPage","@id":"https:\/\/muenzinger.eu\/es\/proteccion-de-datos-3\/","url":"https:\/\/muenzinger.eu\/es\/proteccion-de-datos-3\/","name":"Protecci\u00f3n de datos - M\u00fcnzinger + Frieser Holding GmbH \/ Adhesive D\u00e4mmsysteme GmbH","isPartOf":{"@id":"https:\/\/muenzinger.eu\/es\/#website"},"datePublished":"2023-12-28T12:23:33+00:00","dateModified":"2024-01-25T15:17:59+00:00","breadcrumb":{"@id":"https:\/\/muenzinger.eu\/es\/proteccion-de-datos-3\/#breadcrumb"},"inLanguage":"es","potentialAction":[{"@type":"ReadAction","target":["https:\/\/muenzinger.eu\/es\/proteccion-de-datos-3\/"]}]},{"@type":"BreadcrumbList","@id":"https:\/\/muenzinger.eu\/es\/proteccion-de-datos-3\/#breadcrumb","itemListElement":[{"@type":"ListItem","position":1,"name":"P\u00e1gina de inicio","item":"https:\/\/muenzinger.eu\/es\/inicio\/"},{"@type":"ListItem","position":2,"name":"Protecci\u00f3n de datos"}]},{"@type":"WebSite","@id":"https:\/\/muenzinger.eu\/es\/#website","url":"https:\/\/muenzinger.eu\/es\/","name":"M\u00fcnzinger + Frieser Holding GmbH \/ Adhesive D\u00e4mmsysteme GmbH","description":"","publisher":{"@id":"https:\/\/muenzinger.eu\/es\/#organization"},"potentialAction":[{"@type":"SearchAction","target":{"@type":"EntryPoint","urlTemplate":"https:\/\/muenzinger.eu\/es\/?s={search_term_string}"},"query-input":{"@type":"PropertyValueSpecification","valueRequired":true,"valueName":"search_term_string"}}],"inLanguage":"es"},{"@type":"Organization","@id":"https:\/\/muenzinger.eu\/es\/#organization","name":"M\u00fcnzinger + Frieser Holding GmbH \/ Adhesive D\u00e4mmsysteme GmbH","url":"https:\/\/muenzinger.eu\/es\/","logo":{"@type":"ImageObject","inLanguage":"es","@id":"https:\/\/muenzinger.eu\/es\/#\/schema\/logo\/image\/","url":"https:\/\/muenzinger.eu\/wp-content\/uploads\/2022\/12\/Muenzinger-logo-01.png","contentUrl":"https:\/\/muenzinger.eu\/wp-content\/uploads\/2022\/12\/Muenzinger-logo-01.png","width":580,"height":107,"caption":"M\u00fcnzinger + Frieser Holding GmbH \/ Adhesive D\u00e4mmsysteme GmbH"},"image":{"@id":"https:\/\/muenzinger.eu\/es\/#\/schema\/logo\/image\/"},"sameAs":["https:\/\/www.linkedin.com\/company\/mnzinger-frieser-holding-gmbh\/"]}]}},"_links":{"self":[{"href":"https:\/\/muenzinger.eu\/es\/wp-json\/wp\/v2\/pages\/62743","targetHints":{"allow":["GET"]}}],"collection":[{"href":"https:\/\/muenzinger.eu\/es\/wp-json\/wp\/v2\/pages"}],"about":[{"href":"https:\/\/muenzinger.eu\/es\/wp-json\/wp\/v2\/types\/page"}],"author":[{"embeddable":true,"href":"https:\/\/muenzinger.eu\/es\/wp-json\/wp\/v2\/users\/6"}],"replies":[{"embeddable":true,"href":"https:\/\/muenzinger.eu\/es\/wp-json\/wp\/v2\/comments?post=62743"}],"version-history":[{"count":0,"href":"https:\/\/muenzinger.eu\/es\/wp-json\/wp\/v2\/pages\/62743\/revisions"}],"wp:attachment":[{"href":"https:\/\/muenzinger.eu\/es\/wp-json\/wp\/v2\/media?parent=62743"}],"curies":[{"name":"wp","href":"https:\/\/api.w.org\/{rel}","templated":true}]}}